{"id":473,"date":"2017-08-05T19:30:59","date_gmt":"2017-08-05T17:30:59","guid":{"rendered":"https:\/\/staging.titelschutz.ch\/?page_id=473"},"modified":"2017-08-05T19:31:40","modified_gmt":"2017-08-05T17:31:40","slug":"miten-nimisuoja-syntyy","status":"publish","type":"page","link":"https:\/\/titelschutz.ch\/fi\/wie-entsteht-titelschutz\/","title":{"rendered":"Miten nimisuoja syntyy?"},"content":{"rendered":"<div id=\"pl-473\"  class=\"panel-layout\" ><div id=\"pg-473-0\"  class=\"panel-grid panel-has-style\" ><div style=\"padding: 100px 0; \" data-overlay=\"true\" data-overlay-color=\"#000000\" class=\"panel-row-style panel-row-style-for-473-0\" ><div id=\"pgc-473-0-0\"  class=\"panel-grid-cell panel-grid-cell-empty\" ><\/div><div id=\"pgc-473-0-1\"  class=\"panel-grid-cell panel-grid-cell-mobile-last\" ><div id=\"panel-473-0-1-0\" class=\"so-panel widget widget_sow-editor panel-first-child panel-last-child\" data-index=\"0\" ><div style=\"text-align: left;\" data-title-color=\"#443f3f\" data-headings-color=\"#443f3f\" class=\"panel-widget-style panel-widget-style-for-473-0-1-0\" ><div\n\t\t\t\n\t\t\tclass=\"so-widget-sow-editor so-widget-sow-editor-base\"\n\t\t\t\n\t\t>\n<div class=\"siteorigin-widget-tinymce textwidget\">\n\t<p>Saksassa teoksen nimen suojaamisen ajankohta on m\u00e4\u00e4ritelty tarkasti: tavaramerkkilain (Markengesetz, MarkenG) 5 \u00a7:n 1 ja 3 momentin mukaan tekij\u00e4 saa tekij\u00e4noikeuden teoksensa nimeen vasta, kun teos on tosiasiallisesti otettu kaupalliseen k\u00e4ytt\u00f6\u00f6n. Kirjojen tapauksessa teoksen nimi on siis suojattu vasta julkaisun j\u00e4lkeen, ellei nimisuojaa ole haettu aikaisemmin. Yleens\u00e4 p\u00e4tee s\u00e4\u00e4nt\u00f6, ett\u00e4 se, joka ilmoittaa nimen ensimm\u00e4isen\u00e4, saa k\u00e4ytt\u00e4\u00e4 sit\u00e4. Ilman nimisuojailmoitusta tekij\u00e4noikeudet kuuluvat sille osapuolelle, joka on ensimm\u00e4isen\u00e4 tuonut tuotteen kaupalliseen myyntiin.<\/p>\n<p> Teoksen nimi eroaa tavaramerkist\u00e4 siin\u00e4 mieless\u00e4, ett\u00e4 nime\u00e4 voidaan k\u00e4ytt\u00e4\u00e4 muillakin aloilla ja se on voimassa vain teokseen liittyv\u00e4ll\u00e4 alalla. Esimerkiksi kirjan nimen sekoittaminen pikaruokaketjun nimeen on mahdotonta, joten kirjan nimen suoja koskee vain muita kirjoja. Kirja-alalla on erotettava eri toimialat toisistaan \u2013 esimerkiksi kaksi kaunokirjallista romaania eiv\u00e4t saa olla samannimisi\u00e4, mutta tietokirja tai valokuvakirja voi olla samanniminen kuin kaunokirjallinen romaani. T\u00e4rke\u00e4\u00e4 on, ett\u00e4 sekaannukset ovat mahdottomia. Huomio! Suojattu nimi voi rikkoa muiden tavaramerkkioikeuksia \u2013 tarkista siksi ehdottomasti valitsemasi nimen tavaramerkkioikeudet ennen kuin rekister\u00f6it sen (tai anna meid\u00e4n tarkistaa ne). Erilaiset hakukoneet ja yksityiskohtaisten hakujen tarjoajat auttavat sinua selvitt\u00e4m\u00e4\u00e4n haluamasi nimen oikeudellisen tilanteen. Jos nimesi on jo olemassa kirjaimellisesti tai samankaltaisena, ota yhteytt\u00e4 suoraan nimen omistajaan.<\/p>\n<\/div>\n<\/div><\/div><\/div><\/div><div id=\"pgc-473-0-2\"  class=\"panel-grid-cell panel-grid-cell-empty\" ><\/div><\/div><\/div><\/div>","protected":false},"excerpt":{"rendered":"<p>In Deutschland ist der Zeitpunkt des Titelschutzes exakt definiert: Nach \u00a7 5 Abs. 1 und 3 Markengesetz (MarkenG) hat ein Urheber erst [&hellip;]<\/p>\n","protected":false},"author":10,"featured_media":0,"parent":0,"menu_order":0,"comment_status":"closed","ping_status":"closed","template":"page-templates\/page_fullwidth.php","meta":{"footnotes":""},"class_list":["post-473","page","type-page","status-publish","hentry"],"_links":{"self":[{"href":"https:\/\/titelschutz.ch\/fi\/wp-json\/wp\/v2\/pages\/473","targetHints":{"allow":["GET"]}}],"collection":[{"href":"https:\/\/titelschutz.ch\/fi\/wp-json\/wp\/v2\/pages"}],"about":[{"href":"https:\/\/titelschutz.ch\/fi\/wp-json\/wp\/v2\/types\/page"}],"author":[{"embeddable":true,"href":"https:\/\/titelschutz.ch\/fi\/wp-json\/wp\/v2\/users\/10"}],"replies":[{"embeddable":true,"href":"https:\/\/titelschutz.ch\/fi\/wp-json\/wp\/v2\/comments?post=473"}],"version-history":[{"count":0,"href":"https:\/\/titelschutz.ch\/fi\/wp-json\/wp\/v2\/pages\/473\/revisions"}],"wp:attachment":[{"href":"https:\/\/titelschutz.ch\/fi\/wp-json\/wp\/v2\/media?parent=473"}],"curies":[{"name":"wp","href":"https:\/\/api.w.org\/{rel}","templated":true}]}}