{"id":487,"date":"2017-08-05T19:35:42","date_gmt":"2017-08-05T17:35:42","guid":{"rendered":"https:\/\/staging.titelschutz.ch\/?page_id=487"},"modified":"2017-08-05T19:35:42","modified_gmt":"2017-08-05T17:35:42","slug":"missae-nimisuoja-on-voimassa","status":"publish","type":"page","link":"https:\/\/titelschutz.ch\/fi\/wo-gilt-titelschutz\/","title":{"rendered":"Miss\u00e4 nimisuoja on voimassa?"},"content":{"rendered":"<div id=\"pl-487\"  class=\"panel-layout\" ><div id=\"pg-487-0\"  class=\"panel-grid panel-has-style\" ><div style=\"padding: 100px 0; \" data-overlay=\"true\" data-overlay-color=\"#000000\" class=\"panel-row-style panel-row-style-for-487-0\" ><div id=\"pgc-487-0-0\"  class=\"panel-grid-cell panel-grid-cell-empty\" ><\/div><div id=\"pgc-487-0-1\"  class=\"panel-grid-cell panel-grid-cell-mobile-last\" ><div id=\"panel-487-0-1-0\" class=\"so-panel widget widget_sow-editor panel-first-child panel-last-child\" data-index=\"0\" ><div\n\t\t\t\n\t\t\tclass=\"so-widget-sow-editor so-widget-sow-editor-base\"\n\t\t\t\n\t\t>\n<div class=\"siteorigin-widget-tinymce textwidget\">\n\t<p>Saksan tavaramerkkilain (MarkenG) 5 \u00a7:n 3 momentin mukaan nimisuoja koskee kaikkia Saksassa myyt\u00e4vi\u00e4 teoksia. Kansainv\u00e4lisiss\u00e4 saksankielisiss\u00e4 maissa on erilaisia s\u00e4\u00e4nn\u00f6ksi\u00e4 nimist\u00e4 ja nimisuojasta, joten kansainv\u00e4lisen jakelun yhteydess\u00e4 on syyt\u00e4 selvitt\u00e4\u00e4 tarkasti kohdemaan oikeudellinen tilanne. It\u00e4vallassa esimerkiksi sovelletaan laittoman kilpailun vastaisen lain (UWG) 9 \u00a7:\u00e4\u00e4.<br \/>\nSuojattu nimi voidaan mainita ja julkisesti k\u00e4ytt\u00e4\u00e4 milloin tahansa muiden teosten yhteydess\u00e4. Suojan rekister\u00f6innin j\u00e4lkeen vain saman alan teokset eiv\u00e4t saa k\u00e4ytt\u00e4\u00e4 samaa tai liian samankaltaista nime\u00e4. Jos teosten kaupallisesta l\u00e4heisyydest\u00e4 on ep\u00e4selvyytt\u00e4, ota suoraan yhteytt\u00e4 nimen omistajaan. Kirjoittajien ja julkaisijoiden tulisi etuk\u00e4teen kirjallisesti vahvistaa, mitk\u00e4 oikeudet ovat voimassa ja mill\u00e4 ehdoilla.<\/p>\n<\/div>\n<\/div><\/div><\/div><div id=\"pgc-487-0-2\"  class=\"panel-grid-cell panel-grid-cell-empty\" ><\/div><\/div><\/div><\/div>","protected":false},"excerpt":{"rendered":"<p>Der Titelschutz gilt laut deutschem \u00a7 5 Abs. 3 MarkenG f\u00fcr alle in Deutschland vertriebenen Werke. Im internationalen deutschsprachigen Raum gibt es [&hellip;]<\/p>\n","protected":false},"author":10,"featured_media":0,"parent":0,"menu_order":0,"comment_status":"closed","ping_status":"closed","template":"page-templates\/page_fullwidth.php","meta":{"footnotes":""},"class_list":["post-487","page","type-page","status-publish","hentry"],"_links":{"self":[{"href":"https:\/\/titelschutz.ch\/fi\/wp-json\/wp\/v2\/pages\/487","targetHints":{"allow":["GET"]}}],"collection":[{"href":"https:\/\/titelschutz.ch\/fi\/wp-json\/wp\/v2\/pages"}],"about":[{"href":"https:\/\/titelschutz.ch\/fi\/wp-json\/wp\/v2\/types\/page"}],"author":[{"embeddable":true,"href":"https:\/\/titelschutz.ch\/fi\/wp-json\/wp\/v2\/users\/10"}],"replies":[{"embeddable":true,"href":"https:\/\/titelschutz.ch\/fi\/wp-json\/wp\/v2\/comments?post=487"}],"version-history":[{"count":0,"href":"https:\/\/titelschutz.ch\/fi\/wp-json\/wp\/v2\/pages\/487\/revisions"}],"wp:attachment":[{"href":"https:\/\/titelschutz.ch\/fi\/wp-json\/wp\/v2\/media?parent=487"}],"curies":[{"name":"wp","href":"https:\/\/api.w.org\/{rel}","templated":true}]}}