{"id":434,"date":"2017-08-05T18:19:58","date_gmt":"2017-08-05T16:19:58","guid":{"rendered":"https:\/\/staging.titelschutz.ch\/datenschutzbelehrung\/"},"modified":"2017-08-18T16:48:53","modified_gmt":"2017-08-18T14:48:53","slug":"datenschutzbelehrung","status":"publish","type":"page","link":"https:\/\/titelschutz.ch\/fr\/datenschutzbelehrung\/","title":{"rendered":"Datenschutzbelehrung"},"content":{"rendered":"<ul>\n<li><b>protection des donn\u00e9es<\/b><\/li>\n<\/ul>\n<ol>\n<li>Le traitement des donn\u00e9es personnelles du client s'effectue conform\u00e9ment aux lois applicables en mati\u00e8re de protection des donn\u00e9es, aux lois sur les t\u00e9l\u00e9m\u00e9dias et aux autres dispositions l\u00e9gales pertinentes en mati\u00e8re de protection des donn\u00e9es.<\/li>\n<li>Toutes les donn\u00e9es collect\u00e9es dans le cadre de l'ex\u00e9cution du contrat (donn\u00e9es de base) ainsi que les donn\u00e9es g\u00e9n\u00e9r\u00e9es pendant l'utilisation (donn\u00e9es de mouvement) sont collect\u00e9es, enregistr\u00e9es et utilis\u00e9es aux fins de l'ex\u00e9cution du contrat et de la facturation. Toute autre utilisation est conforme au \u00a7 7, paragraphe 2.<\/li>\n<\/ol>","protected":false},"excerpt":{"rendered":"<p>Datenschutz Der Umgang mit den pers\u00f6nlichen Daten des Kunden erfolgt in \u00dcbereinstimmung mit den relevanten Datenschutzgesetzen, Telemediengesetzen sowie sonstigen einschl\u00e4gigen gesetzlichen Datenschutzbestimmungen. [&hellip;]<\/p>\n","protected":false},"author":10,"featured_media":0,"parent":0,"menu_order":0,"comment_status":"closed","ping_status":"closed","template":"","meta":{"footnotes":""},"class_list":["post-434","page","type-page","status-publish","hentry"],"_links":{"self":[{"href":"https:\/\/titelschutz.ch\/fr\/wp-json\/wp\/v2\/pages\/434","targetHints":{"allow":["GET"]}}],"collection":[{"href":"https:\/\/titelschutz.ch\/fr\/wp-json\/wp\/v2\/pages"}],"about":[{"href":"https:\/\/titelschutz.ch\/fr\/wp-json\/wp\/v2\/types\/page"}],"author":[{"embeddable":true,"href":"https:\/\/titelschutz.ch\/fr\/wp-json\/wp\/v2\/users\/10"}],"replies":[{"embeddable":true,"href":"https:\/\/titelschutz.ch\/fr\/wp-json\/wp\/v2\/comments?post=434"}],"version-history":[{"count":0,"href":"https:\/\/titelschutz.ch\/fr\/wp-json\/wp\/v2\/pages\/434\/revisions"}],"wp:attachment":[{"href":"https:\/\/titelschutz.ch\/fr\/wp-json\/wp\/v2\/media?parent=434"}],"curies":[{"name":"wp","href":"https:\/\/api.w.org\/{rel}","templated":true}]}}