{"id":436,"date":"2017-08-05T18:19:58","date_gmt":"2017-08-05T16:19:58","guid":{"rendered":"https:\/\/staging.titelschutz.ch\/agb\/"},"modified":"2025-07-29T15:19:57","modified_gmt":"2025-07-29T13:19:57","slug":"termos-e-condicoes","status":"publish","type":"page","link":"https:\/\/titelschutz.ch\/pt\/agb\/","title":{"rendered":"Termos e condi\u00e7\u00f5es gerais de uso do \u201ctitelschutz.ch\u201d, uma oferta da SMOLNY MEDIA"},"content":{"rendered":"<p><b>Pre\u00e2mbulo<\/b><\/p>\n<p><b>Defini\u00e7\u00f5es de termos<\/b><\/p>\n<ul>\n<li><span style=\"font-weight: 400;\">SMOLNY MEDIA, <\/span><span style=\"font-weight: 400;\">Rosenbergweg 7a, CH- 6300 Zug\u00a0<\/span><span style=\"font-weight: 400;\">(doravante denominada \u201cSMOLNY MEDIA\u201d)<\/span><\/li>\n<li><a href=\"https:\/\/titelschutz.ch\/pt\/\"><span style=\"font-weight: 400;\">www.titelschutz.ch<\/span><\/a><span style=\"font-weight: 400;\"> e todas as subp\u00e1ginas deste site; p\u00e1ginas vinculadas a outros URLs n\u00e3o s\u00e3o consideradas subp\u00e1ginas.\u00a0<\/span><span style=\"font-weight: 400;\">(doravante denominado \u201ctitelschutz.ch\u201d)<\/span><\/li>\n<li><span style=\"font-weight: 400;\">Cliente final da titelschutz.ch\u00a0<\/span><span style=\"font-weight: 400;\">(doravante denominado \u201cCliente\u201d)<\/span><\/li>\n<li><span style=\"font-weight: 400;\">Oferta adicional sobre uma inscri\u00e7\u00e3o an\u00f4nima, certid\u00e3o e pesquisa\u00a0<\/span><span style=\"font-weight: 400;\">(doravante denominado \u201cservi\u00e7o adicional\u201d)<\/span><\/li>\n<\/ul>\n<p><span style=\"font-weight: 400;\">Com titelschutz.ch, a SMOLNY MEDIA oferece uma plataforma na qual o cliente pode solicitar a publica\u00e7\u00e3o de um an\u00fancio de prote\u00e7\u00e3o de t\u00edtulo pela SMOLNY MEDIA. Al\u00e9m disso, como servi\u00e7o adicional, o cliente pode registrar seu an\u00fancio de prote\u00e7\u00e3o de t\u00edtulo de forma an\u00f4nima, solicitar a emiss\u00e3o de um certificado comprovando a publica\u00e7\u00e3o do an\u00fancio de prote\u00e7\u00e3o de t\u00edtulo e solicitar que a SMOLNY MEDIA realize uma pesquisa pr\u00e9via para verificar se o t\u00edtulo a ser registrado j\u00e1 est\u00e1 protegido ou em uso. A pesquisa n\u00e3o tem valor legal vinculativo. <\/span><\/p>\n<p><span style=\"font-weight: 400;\">O valor ser\u00e1 cobrado no momento do pedido. O valor ser\u00e1 indicado no servi\u00e7o adicional correspondente em titelschutz.ch.<\/span><\/p>\n<p><span style=\"font-weight: 400;\">Basicamente, a prote\u00e7\u00e3o de um t\u00edtulo surge assim que ocorre um in\u00edcio de uso externo. A notifica\u00e7\u00e3o de prote\u00e7\u00e3o de t\u00edtulo serve para garantir a prioridade temporal e permite a prote\u00e7\u00e3o do t\u00edtulo antes mesmo do in\u00edcio do uso.<\/span><\/p>\n<p><span style=\"font-weight: 400;\">\u00c9 importante observar que o uso deve ocorrer dentro de um prazo razo\u00e1vel ap\u00f3s a publica\u00e7\u00e3o do an\u00fancio.<\/span><\/p>\n<ul>\n<li><b> 1 Provedor e \u00e2mbito de aplica\u00e7\u00e3o<\/b><\/li>\n<\/ul>\n<ol>\n<li style=\"font-weight: 400;\"><span style=\"font-weight: 400;\">O fornecedor e operador do titelschutz.ch \u00e9 a SMOLNY MEDIA, Rosenbergweg 7a- CH \u2013 6300 Zug.<\/span><\/li>\n<li style=\"font-weight: 400;\"><span style=\"font-weight: 400;\">Os Termos e Condi\u00e7\u00f5es Gerais aplicam-se a todos aqueles que utilizam os servi\u00e7os oferecidos pela EVG. <\/span><\/li>\n<li style=\"font-weight: 400;\"><span style=\"font-weight: 400;\">Estes Termos e Condi\u00e7\u00f5es aplicam-se independentemente de o cliente ser um consumidor ou empres\u00e1rio. <\/span><\/li>\n<li style=\"font-weight: 400;\"><span style=\"font-weight: 400;\">A Titeleschutz.ch destina-se exclusivamente a clientes maiores de 18 anos.<\/span><\/li>\n<li style=\"font-weight: 400;\"><span style=\"font-weight: 400;\">O idioma do contrato \u00e9 o alem\u00e3o.<\/span><\/li>\n<li style=\"font-weight: 400;\"><span style=\"font-weight: 400;\">Outros termos e condi\u00e7\u00f5es gerais n\u00e3o se aplicam, a menos que a SMOLNY MEDIA os aceite expressamente por escrito.<\/span><\/li>\n<\/ol>\n<ul>\n<li><b> 2 Processamento de pedidos na titelschutz.ch<\/b><\/li>\n<\/ul>\n<ol>\n<li style=\"font-weight: 400;\"><span style=\"font-weight: 400;\">A simples possibilidade de utilizar o an\u00fancio de prote\u00e7\u00e3o de t\u00edtulo ou servi\u00e7o adicional (inscri\u00e7\u00e3o an\u00f4nima, certificado e\/ou pesquisa) na p\u00e1gina inicial da SMOLNY MEDIA n\u00e3o constitui um pedido juridicamente vinculativo para a celebra\u00e7\u00e3o de um contrato. Trata-se de um convite n\u00e3o vinculativo para solicitar o an\u00fancio de prote\u00e7\u00e3o de t\u00edtulo ou o servi\u00e7o adicional.<\/span><\/li>\n<li style=\"font-weight: 400;\"><span style=\"font-weight: 400;\">Para preencher de forma completa e correta um pedido de prote\u00e7\u00e3o de t\u00edtulo, o cliente deve preencher o formul\u00e1rio dispon\u00edvel em titelschutz.ch. <\/span><\/li>\n<li style=\"font-weight: 400;\"><span style=\"font-weight: 400;\">Assim que o cliente clicar no bot\u00e3o \u201cProteger t\u00edtulo\u201d, ele estar\u00e1 solicitando \u00e0 SMOLNY MEDIA que publique um an\u00fancio de prote\u00e7\u00e3o de t\u00edtulo. <\/span><\/li>\n<li style=\"font-weight: 400;\"><span style=\"font-weight: 400;\">Imediatamente ap\u00f3s clicar no bot\u00e3o \u201cProteger t\u00edtulo\u201d, o cliente recebe um e-mail gerado automaticamente, confirmando o recebimento do pedido (confirma\u00e7\u00e3o de recebimento).<\/span><\/li>\n<li style=\"font-weight: 400;\"><span style=\"font-weight: 400;\">A aceita\u00e7\u00e3o do pedido s\u00f3 ser\u00e1 efetivada mediante declara\u00e7\u00e3o expressa da SMOLNY MEDIA, a menos que, al\u00e9m da confirma\u00e7\u00e3o do recebimento, seja declarada simultaneamente a aceita\u00e7\u00e3o. <\/span><\/li>\n<li style=\"font-weight: 400;\"><span style=\"font-weight: 400;\">Um contrato \u00e9 celebrado, no m\u00e1ximo, com a confirma\u00e7\u00e3o por e-mail da publica\u00e7\u00e3o bem-sucedida do an\u00fancio.<\/span><\/li>\n<li style=\"font-weight: 400;\"><span style=\"font-weight: 400;\">Caso n\u00e3o seja poss\u00edvel publicar o an\u00fancio, a SMOLNY MEDIA se abster\u00e1 de emitir uma declara\u00e7\u00e3o de aceita\u00e7\u00e3o. Nesse caso, n\u00e3o ser\u00e1 celebrado nenhum contrato. A SMOLNY MEDIA informar\u00e1 o cliente sobre isso. Os dados fornecidos pelo cliente ser\u00e3o imediatamente exclu\u00eddos.<\/span><\/li>\n<\/ol>\n<ul>\n<li><b> 3 Reserva do servi\u00e7o adicional<\/b><\/li>\n<\/ul>\n<ol>\n<li style=\"font-weight: 400;\"><span style=\"font-weight: 400;\">A encomenda juridicamente vinculativa do servi\u00e7o adicional oferecido em titelschutz.ch \u00e9 feita clicando no produto em quest\u00e3o e enviando a encomenda ao clicar no bot\u00e3o \u201cComprar agora\u201d.<\/span><\/li>\n<li style=\"font-weight: 400;\"><span style=\"font-weight: 400;\">A recep\u00e7\u00e3o do pedido ser\u00e1 imediatamente confirmada por um e-mail gerado automaticamente.<\/span><\/li>\n<li style=\"font-weight: 400;\"><span style=\"font-weight: 400;\">A aceita\u00e7\u00e3o do pedido s\u00f3 ser\u00e1 feita mediante declara\u00e7\u00e3o expressa da SMOLNY MEDIA, a menos que, al\u00e9m da confirma\u00e7\u00e3o do recebimento, a aceita\u00e7\u00e3o seja declarada simultaneamente.<\/span><\/li>\n<li style=\"font-weight: 400;\"><span style=\"font-weight: 400;\">O contrato \u00e9 celebrado, o mais tardar, com a entrega do produto encomendado.<\/span><\/li>\n<li style=\"font-weight: 400;\"><span style=\"font-weight: 400;\">Caso n\u00e3o seja poss\u00edvel entregar o produto, a SMOLNY MEDIA se abster\u00e1 de emitir uma declara\u00e7\u00e3o de aceita\u00e7\u00e3o. Nesse caso, n\u00e3o ser\u00e1 celebrado nenhum contrato. A SMOLNY MEDIA informar\u00e1 o cliente sobre isso e reembolsar\u00e1 imediatamente as contrapresta\u00e7\u00f5es j\u00e1 recebidas.<\/span><\/li>\n<\/ol>\n<ul>\n<li><b> 4 Informa\u00e7\u00f5es sobre pre\u00e7os, condi\u00e7\u00f5es de pagamento<\/b><\/li>\n<\/ul>\n<ol>\n<li style=\"font-weight: 400;\"><span style=\"font-weight: 400;\">Todos os pre\u00e7os indicados em titelschutz.ch s\u00e3o pre\u00e7os brutos, incluindo o imposto sobre o valor agregado legal. O envio dos respectivos produtos \u00e9 gratuito.<\/span><\/li>\n<li style=\"font-weight: 400;\"><span style=\"font-weight: 400;\">O tipo de pagamento poss\u00edvel \u00e9 determinado com base nas op\u00e7\u00f5es de pagamento indicadas em titelschutz.ch.<\/span><\/li>\n<li style=\"font-weight: 400;\"><span style=\"font-weight: 400;\">A presta\u00e7\u00e3o do cliente ao solicitar o servi\u00e7o adicional, ou seja, o pagamento do pre\u00e7o de compra, \u00e9 exig\u00edvel imediatamente.<\/span><\/li>\n<\/ol>\n<ul>\n<li><b> 5 Direito de cancelamento<\/b><\/li>\n<\/ul>\n<ol>\n<li style=\"font-weight: 400;\"><span style=\"font-weight: 400;\">Se o cliente que faz a encomenda ou o pedido for um consumidor (ou seja, uma pessoa f\u00edsica que faz o pedido para fins que n\u00e3o podem ser atribu\u00eddos \u00e0 sua atividade comercial ou profissional independente), ele tem direito a rescindir o contrato, de acordo com as disposi\u00e7\u00f5es legais.<\/span><\/li>\n<li style=\"font-weight: 400;\"><span style=\"font-weight: 400;\">O direito de revoga\u00e7\u00e3o \u00e9 exclu\u00eddo,\u00a0<\/span><span style=\"font-weight: 400;\">se o servi\u00e7o for prestado e pago imediatamente ap\u00f3s a conclus\u00e3o das negocia\u00e7\u00f5es e o valor a ser pago pelo consumidor n\u00e3o exceder 40,00 euros\/CHF (brutos) e\/ou <\/span><span style=\"font-weight: 400;\">se o pedido ou o servi\u00e7o adicional solicitado for resultado de uma sele\u00e7\u00e3o ou determina\u00e7\u00e3o individual do cliente ou for claramente adaptado \u00e0s necessidades pessoais do cliente.<\/span><\/li>\n<\/ol>\n<p><b>Informa\u00e7\u00e3o sobre o direito de cancelamento<\/b><\/p>\n<p><span style=\"font-weight: 400;\">Voc\u00ea tem o direito de rescindir este contrato dentro de catorze dias sem indicar os motivos.<\/span><\/p>\n<p><span style=\"font-weight: 400;\">O prazo de rescis\u00e3o \u00e9 de catorze dias a partir da data da celebra\u00e7\u00e3o do contrato ou a partir da data em que voc\u00ea ou um terceiro por voc\u00ea designado, que n\u00e3o seja o transportador, tenha tomado posse das mercadorias.<\/span><\/p>\n<p><span style=\"font-weight: 400;\">Para exercer o seu direito de rescis\u00e3o, deve nos enviar,<\/span><\/p>\n<p><span style=\"font-weight: 400;\">SMOLNY M\u00cdDIA<br \/>\n<\/span><span style=\"font-weight: 400;\">Rosenbergweg 7a<br \/>\n<\/span><span style=\"font-weight: 400;\">CH- 6300 Zug<\/span><\/p>\n<p><span style=\"font-weight: 400;\">E-mail: <\/span><a href=\"mailto:beratung@smolnymedia.com\"><span style=\"font-weight: 400;\">beratung@smolnymedia.com<\/span><\/a><\/p>\n<p><span style=\"font-weight: 400;\">mediante uma declara\u00e7\u00e3o inequ\u00edvoca (por exemplo, uma carta enviada pelo correio, fax ou e-mail) sobre sua decis\u00e3o de rescindir este contrato. Voc\u00ea pode usar o modelo de formul\u00e1rio de rescis\u00e3o em anexo, mas isso n\u00e3o \u00e9 obrigat\u00f3rio.<\/span><\/p>\n<p><span style=\"font-weight: 400;\">Para cumprir o prazo de revoga\u00e7\u00e3o, basta enviar a notifica\u00e7\u00e3o sobre o exerc\u00edcio do direito de revoga\u00e7\u00e3o antes do t\u00e9rmino do prazo de revoga\u00e7\u00e3o.<\/span><\/p>\n<p><b>Consequ\u00eancias da revoga\u00e7\u00e3o<\/b><\/p>\n<p><span style=\"font-weight: 400;\">Se voc\u00ea rescindir este contrato, devemos reembolsar todos os pagamentos que recebemos de voc\u00ea, incluindo os custos de entrega (exceto os custos adicionais resultantes da sua escolha de um tipo de entrega diferente da entrega padr\u00e3o econ\u00f4mica que oferecemos), imediatamente e, no m\u00e1ximo, dentro de catorze dias a partir da data em que \u00a0a partir da data em que recebermos a notifica\u00e7\u00e3o da sua rescis\u00e3o deste contrato. Para este reembolso, utilizaremos o mesmo meio de pagamento que utilizou na transa\u00e7\u00e3o original, a menos que tenha sido expressamente acordado de outra forma; em nenhum caso lhe ser\u00e3o cobradas taxas por este reembolso. \u00a0<\/span><\/p>\n<p><span style=\"font-weight: 400;\">Voc\u00ea deve devolver ou entregar as mercadorias \u00e0 SMOLNY MEDIA imediatamente e, em qualquer caso, no prazo m\u00e1ximo de catorze dias a partir da data em que nos informou sobre a rescis\u00e3o deste contrato. O prazo \u00e9 considerado cumprido se voc\u00ea enviar as mercadorias antes do t\u00e9rmino do prazo de catorze dias.<\/span><\/p>\n<p><span style=\"font-weight: 400;\">Voc\u00ea arcar\u00e1 com os custos diretos da devolu\u00e7\u00e3o das mercadorias.<\/span><\/p>\n<p><span style=\"font-weight: 400;\">No caso de um contrato de presta\u00e7\u00e3o de servi\u00e7os:<\/span><\/p>\n<p><span style=\"font-weight: 400;\">Se voc\u00ea solicitou que o servi\u00e7o fosse iniciado durante o prazo de cancelamento, dever\u00e1 nos pagar um valor razo\u00e1vel, correspondente \u00e0 propor\u00e7\u00e3o dos servi\u00e7os j\u00e1 prestados at\u00e9 o momento em que nos informou sobre o exerc\u00edcio do direito de cancelamento deste contrato, em compara\u00e7\u00e3o com o escopo total dos servi\u00e7os previstos no contrato.<\/span><\/p>\n<p><b>Modelo de formul\u00e1rio de cancelamento<\/b><\/p>\n<p><span style=\"font-weight: 400;\">Se voc\u00ea deseja rescindir o contrato, preencha este formul\u00e1rio e envie-o de volta.<\/span><\/p>\n<p><span style=\"font-weight: 400;\">Para<\/span><\/p>\n<p><span style=\"font-weight: 400;\">SMOLNY M\u00cdDIA<br \/>\n<\/span><span style=\"font-weight: 400;\">Rosenbergweg 7a<br \/>\n<\/span><span style=\"font-weight: 400;\">CH- 6300 Zug<\/span><\/p>\n<p><span style=\"font-weight: 400;\">E-mail: <\/span><a href=\"mailto:beratung@smolnymedia.com\"><span style=\"font-weight: 400;\">beratung@smolnymedia.com<\/span><\/a><\/p>\n<p><span style=\"font-weight: 400;\">Por meio deste documento, eu\/n\u00f3s (*) revogo(amos) o contrato celebrado por mim\/n\u00f3s (+) relativo \u00e0 compra dos seguintes produtos (*) \u00e0 presta\u00e7\u00e3o dos seguintes servi\u00e7os (*)<\/span><\/p>\n<p><span style=\"font-weight: 400;\">Encomendado em (+)\/ recebido em (+):<\/span><\/p>\n<p><span style=\"font-weight: 400;\">Nome do(s) consumidor(es):<\/span><\/p>\n<p><span style=\"font-weight: 400;\">Endere\u00e7o do(s) consumidor(es):<\/span><\/p>\n<p><span style=\"font-weight: 400;\">Assinatura do(s) consumidor(es) (apenas no caso de comunica\u00e7\u00e3o em papel)<\/span><\/p>\n<p><span style=\"font-weight: 400;\">Data<\/span><\/p>\n<p><b>Fim da pol\u00edtica de cancelamento<\/b><\/p>\n<p><span style=\"font-weight: 400;\"> O cliente renuncia ao seu direito de rescis\u00e3o,<\/span><\/p>\n<ol>\n<li style=\"font-weight: 400;\"><span style=\"font-weight: 400;\">se o pedido se referir ao fornecimento e disponibiliza\u00e7\u00e3o de dados em formato digital,<\/span><\/li>\n<li style=\"font-weight: 400;\"><span style=\"font-weight: 400;\">o cliente concorda expressamente que a execu\u00e7\u00e3o do contrato pode ser iniciada antes do t\u00e9rmino do prazo de revoga\u00e7\u00e3o e<\/span><\/li>\n<li style=\"font-weight: 400;\"><span style=\"font-weight: 400;\">o cliente confirmou estar ciente de que, ao concordar com o in\u00edcio da execu\u00e7\u00e3o do contrato, perde o direito de cancelamento.<\/span><\/li>\n<\/ol>\n<ul>\n<li><b> 6 Direitos e obriga\u00e7\u00f5es<\/b><\/li>\n<\/ul>\n<ol>\n<li style=\"font-weight: 400;\"><span style=\"font-weight: 400;\">A SMOLNY MEDIA coleta os dados pessoais do cliente necess\u00e1rios para a celebra\u00e7\u00e3o do contrato. A coleta de dados \u00e9 feita atrav\u00e9s do site titelschutz.ch.<\/span><\/li>\n<li style=\"font-weight: 400;\"><span style=\"font-weight: 400;\">Com base nos dados coletados no par\u00e1grafo 1, a SMOLNY MEDIA pode enviar ao cliente, ap\u00f3s a celebra\u00e7\u00e3o do contrato, informa\u00e7\u00f5es sobre novos produtos ou informa\u00e7\u00f5es relacionadas ao produto encomendado pelo cliente. O cliente pode se opor a esse direito da SMOLNY MEDIA a qualquer momento, por escrito (por exemplo, por e-mail) \u00e0 SMOLNY MEDIA. Se o cliente fizer uso desse direito de oposi\u00e7\u00e3o, a SMOLNY MEDIA interromper\u00e1 imediatamente o envio de informa\u00e7\u00f5es ao cliente.<\/span><\/li>\n<li style=\"font-weight: 400;\"><span style=\"font-weight: 400;\">Ao solicitar a publica\u00e7\u00e3o de um an\u00fancio de prote\u00e7\u00e3o de t\u00edtulo, o cliente concorda que o an\u00fancio tamb\u00e9m pode ser publicado nos canais de m\u00eddia social relevantes (por exemplo, Facebook, Twitter, etc.).<\/span><\/li>\n<li style=\"font-weight: 400;\"><span style=\"font-weight: 400;\">Ao solicitar a publica\u00e7\u00e3o de um an\u00fancio de prote\u00e7\u00e3o de t\u00edtulo, o cliente tamb\u00e9m concorda que este possa ser arquivado.<\/span><\/li>\n<li style=\"font-weight: 400;\"><span style=\"font-weight: 400;\">A SMOLNY MEDIA n\u00e3o \u00e9 obrigada a armazenar ou conservar de qualquer outra forma a notifica\u00e7\u00e3o de prote\u00e7\u00e3o de t\u00edtulo ou outros dados do cliente para fins de arquivamento ap\u00f3s o t\u00e9rmino de um ano civil. Portanto, recomenda-se ao cliente que armazene a notifica\u00e7\u00e3o de prote\u00e7\u00e3o de t\u00edtulo em um meio eletr\u00f4nico adequado para esse fim.<\/span><\/li>\n<\/ol>\n<ul>\n<li><b> 7 Responsabilidade<\/b><\/li>\n<\/ul>\n<ol>\n<li style=\"font-weight: 400;\"><span style=\"font-weight: 400;\">O cliente \u00e9 respons\u00e1vel pelas informa\u00e7\u00f5es fornecidas. N\u00e3o \u00e9 realizada nenhuma verifica\u00e7\u00e3o das informa\u00e7\u00f5es fornecidas para a exibi\u00e7\u00e3o do t\u00edtulo na m\u00e1scara de entrada em titelschutz.ch.<\/span><\/li>\n<li style=\"font-weight: 400;\"><span style=\"font-weight: 400;\">A SMOLNY MEDIA n\u00e3o se responsabiliza por informa\u00e7\u00f5es incorretas fornecidas pelo cliente ao preencher o formul\u00e1rio em titelschutz.ch. <\/span><\/li>\n<li style=\"font-weight: 400;\"><span style=\"font-weight: 400;\">O cliente n\u00e3o tem direito a uma retifica\u00e7\u00e3o e\/ou corre\u00e7\u00e3o do an\u00fancio devido a erros de digita\u00e7\u00e3o, ortografia ou outras informa\u00e7\u00f5es incorretas no conte\u00fado. A SMOLNY MEDIA decide, a seu exclusivo crit\u00e9rio e por cortesia, se uma retifica\u00e7\u00e3o e\/ou corre\u00e7\u00e3o de um an\u00fancio de prote\u00e7\u00e3o de t\u00edtulo ser\u00e1 realizada.<\/span><\/li>\n<li style=\"font-weight: 400;\"><span style=\"font-weight: 400;\">A SMOLNY MEDIA tamb\u00e9m n\u00e3o se responsabiliza pelo fato de o t\u00edtulo a ser registrado j\u00e1 estar protegido. Portanto, \u00e9 recomend\u00e1vel que a SMOLNY MEDIA realize uma pesquisa pr\u00e9via. No entanto, as informa\u00e7\u00f5es obtidas ap\u00f3s a pesquisa n\u00e3o s\u00e3o juridicamente vinculativas.<\/span><\/li>\n<li style=\"font-weight: 400;\"><span style=\"font-weight: 400;\">A SMOLNY MEDIA \u00e9 respons\u00e1vel perante o cliente em todos os casos de responsabilidade contratual e extracontratual por dolo e neglig\u00eancia grave, de acordo com as disposi\u00e7\u00f5es legais relativas a indeniza\u00e7\u00e3o por danos ou reembolso de despesas in\u00fateis.<\/span><\/li>\n<li style=\"font-weight: 400;\"><span style=\"font-weight: 400;\">Em outros casos, a SMOLNY MEDIA \u2013 salvo disposi\u00e7\u00e3o em contr\u00e1rio no par\u00e1grafo 3 \u2013 s\u00f3 ser\u00e1 respons\u00e1vel por viola\u00e7\u00e3o de uma obriga\u00e7\u00e3o contratual cujo cumprimento seja essencial para a execu\u00e7\u00e3o regular do contrato e cujo cumprimento o cliente possa regularmente esperar (a chamada obriga\u00e7\u00e3o cardinal), limitando-se \u00e0 indeniza\u00e7\u00e3o por danos previs\u00edveis e t\u00edpicos. Em todos os outros casos, a responsabilidade \u00e9 exclu\u00edda, salvo disposi\u00e7\u00e3o em contr\u00e1rio no par\u00e1grafo 3.<\/span><\/li>\n<li style=\"font-weight: 400;\"><span style=\"font-weight: 400;\">A responsabilidade por danos resultantes de les\u00f5es \u00e0 vida, ao corpo ou \u00e0 sa\u00fade e de acordo com a lei de responsabilidade pelo produto n\u00e3o \u00e9 afetada pelas limita\u00e7\u00f5es e exclus\u00f5es de responsabilidade acima mencionadas.<\/span><\/li>\n<li style=\"font-weight: 400;\"><span style=\"font-weight: 400;\">A SMOLNY MEDIA esfor\u00e7a-se por disponibilizar todas as informa\u00e7\u00f5es fornecidas em titelschutz.ch de forma atualizada e sem erros. N\u00e3o \u00e9 poss\u00edvel garantir a exatid\u00e3o e a integridade das informa\u00e7\u00f5es fornecidas.<\/span><\/li>\n<li style=\"font-weight: 400;\"><span style=\"font-weight: 400;\">N\u00e3o \u00e9 poss\u00edvel garantir a disponibilidade permanente da comunica\u00e7\u00e3o de dados atrav\u00e9s da Internet. Por conseguinte, a SMOLNY MEDIA n\u00e3o assume qualquer responsabilidade pela disponibilidade permanente do site titelschutz.ch ou dos servi\u00e7os e produtos oferecidos, nem por eventuais per\u00edodos de indisponibilidade.<\/span><\/li>\n<li style=\"font-weight: 400;\"><span style=\"font-weight: 400;\">A SMOLNY MEDIA tamb\u00e9m n\u00e3o se responsabiliza pelo acesso n\u00e3o autorizado de terceiros aos dados pessoais do cliente, desde que a SMOLNY MEDIA n\u00e3o seja respons\u00e1vel por isso. <\/span><\/li>\n<li style=\"font-weight: 400;\"><span style=\"font-weight: 400;\">As isen\u00e7\u00f5es ou limita\u00e7\u00f5es de responsabilidade acima mencionadas tamb\u00e9m se aplicam \u00e0 responsabilidade dos funcion\u00e1rios, colaboradores, representantes e auxiliares da SMOLNY MEDIA.<\/span><\/li>\n<\/ol>\n<ul>\n<li><b> 10 Exclus\u00e3o da realiza\u00e7\u00e3o de uma notifica\u00e7\u00e3o de prote\u00e7\u00e3o de t\u00edtulo<\/b><\/li>\n<\/ul>\n<p><span style=\"font-weight: 400;\">A SMOLNY MEDIA rejeita o an\u00fancio de prote\u00e7\u00e3o de t\u00edtulo cujo conte\u00fado desacredite a discrimina\u00e7\u00e3o racial ou a discrimina\u00e7\u00e3o de outras etnias, g\u00eaneros, religi\u00f5es ou ideologias, defici\u00eancias, idade ou identidade sexual. O mesmo se aplica ao conte\u00fado de um t\u00edtulo que viole uma norma relevante para a prote\u00e7\u00e3o.<\/span><\/p>\n<ul>\n<li><b> 11 Rescis\u00e3o do contrato <\/b><\/li>\n<\/ul>\n<p><span style=\"font-weight: 400;\">O contrato termina com a publica\u00e7\u00e3o do aviso de prote\u00e7\u00e3o do t\u00edtulo. No caso de celebra\u00e7\u00e3o de um contrato para a presta\u00e7\u00e3o de servi\u00e7os, a rescis\u00e3o deste contrato \u00e9 regida pelas disposi\u00e7\u00f5es legais.<\/span><\/p>\n<ul>\n<li><b> 12 Direitos de uso<\/b><\/li>\n<\/ul>\n<p><span style=\"font-weight: 400;\">A SMOLNY MEDIA \u00e9 autora de todas as imagens, textos e\/ou gr\u00e1ficos publicados em titelschutz.ch. Sem consentimento pr\u00e9vio por escrito, a reprodu\u00e7\u00e3o, distribui\u00e7\u00e3o e\/ou edi\u00e7\u00e3o, mesmo parcial, \u00e9 expressamente reservada \u00e0 SMOLNY MEDIA. <\/span><\/p>\n<ul>\n<li><b> 13 Prote\u00e7\u00e3o de dados<\/b><\/li>\n<\/ul>\n<ol>\n<li style=\"font-weight: 400;\"><span style=\"font-weight: 400;\">O tratamento dos dados pessoais do cliente \u00e9 feito em conformidade com as leis de prote\u00e7\u00e3o de dados relevantes, as leis de telem\u00eddia e outras disposi\u00e7\u00f5es legais pertinentes em mat\u00e9ria de prote\u00e7\u00e3o de dados.<\/span><\/li>\n<li style=\"font-weight: 400;\"><span style=\"font-weight: 400;\">Todos os dados coletados no \u00e2mbito da execu\u00e7\u00e3o do contrato (dados de invent\u00e1rio), bem como os dados gerados durante a utiliza\u00e7\u00e3o (dados de movimento), s\u00e3o coletados, armazenados e utilizados para fins de cumprimento do contrato e para fins de faturamento. O uso posterior ocorre de acordo com o \u00a7 7, item 2.<\/span><\/li>\n<\/ol>\n<ul>\n<li><b> 14 Altera\u00e7\u00e3o dos Termos e Condi\u00e7\u00f5es Gerais<\/b><\/li>\n<\/ul>\n<p><span style=\"font-weight: 400;\">A SMOLNY MEDIA tem o direito de alterar estes TCG a qualquer momento, desde que isso n\u00e3o afete disposi\u00e7\u00f5es essenciais da rela\u00e7\u00e3o contratual e seja necess\u00e1rio para se adaptar a desenvolvimentos que n\u00e3o eram previs\u00edveis no momento da celebra\u00e7\u00e3o do contrato e cuja n\u00e3o considera\u00e7\u00e3o perturbaria significativamente o equil\u00edbrio da rela\u00e7\u00e3o contratual. Al\u00e9m disso, podem ser feitas altera\u00e7\u00f5es para colmatar lacunas regulamentares surgidas ap\u00f3s a celebra\u00e7\u00e3o do contrato, como altera\u00e7\u00f5es legislativas ou altera\u00e7\u00f5es na jurisprud\u00eancia.<\/span><\/p>\n<ul>\n<li><b> 15 Disposi\u00e7\u00f5es finais<\/b><\/li>\n<\/ul>\n<ol>\n<li style=\"font-weight: 400;\"><span style=\"font-weight: 400;\">Aplica-se a legisla\u00e7\u00e3o da Confedera\u00e7\u00e3o Su\u00ed\u00e7a, com exclus\u00e3o da Conven\u00e7\u00e3o das Na\u00e7\u00f5es Unidas sobre Contratos de Compra e Venda Internacional de Mercadorias. O foro competente \u00e9 Zug.<\/span><\/li>\n<li style=\"font-weight: 400;\"><span style=\"font-weight: 400;\">A Comiss\u00e3o Europeia disponibilizou uma plataforma online para a resolu\u00e7\u00e3o de lit\u00edgios online (plataforma OS). A plataforma OS est\u00e1 dispon\u00edvel em <\/span><a href=\"http:\/\/ec.europa.eu\/consumers\/odr\/\" target=\"_blank\" rel=\"noopener\"><span style=\"font-weight: 400;\">http:\/\/ec.europa.eu\/consumers\/odr\/<\/span><\/a><span style=\"font-weight: 400;\"> acess\u00edvel.<\/span><\/li>\n<li style=\"font-weight: 400;\"><span style=\"font-weight: 400;\">A inefic\u00e1cia de determinadas disposi\u00e7\u00f5es destes TCG n\u00e3o afeta a efic\u00e1cia das demais disposi\u00e7\u00f5es.<\/span><\/li>\n<\/ol>","protected":false},"excerpt":{"rendered":"<p>Pr\u00e4ambel Begriffsbestimmungen SMOLNY MEDIA, Rosenbergweg 7a, CH- 6300 Zug\u00a0(im Folgenden \u201cSMOLNY MEDIA\u201d genannt) www.titelschutz.ch und alle Unterseiten zu dieser Website, verlinkte Seiten [&hellip;]<\/p>\n","protected":false},"author":10,"featured_media":0,"parent":0,"menu_order":0,"comment_status":"closed","ping_status":"closed","template":"","meta":{"footnotes":""},"class_list":["post-436","page","type-page","status-publish","hentry"],"_links":{"self":[{"href":"https:\/\/titelschutz.ch\/pt\/wp-json\/wp\/v2\/pages\/436","targetHints":{"allow":["GET"]}}],"collection":[{"href":"https:\/\/titelschutz.ch\/pt\/wp-json\/wp\/v2\/pages"}],"about":[{"href":"https:\/\/titelschutz.ch\/pt\/wp-json\/wp\/v2\/types\/page"}],"author":[{"embeddable":true,"href":"https:\/\/titelschutz.ch\/pt\/wp-json\/wp\/v2\/users\/10"}],"replies":[{"embeddable":true,"href":"https:\/\/titelschutz.ch\/pt\/wp-json\/wp\/v2\/comments?post=436"}],"version-history":[{"count":2,"href":"https:\/\/titelschutz.ch\/pt\/wp-json\/wp\/v2\/pages\/436\/revisions"}],"predecessor-version":[{"id":529030,"href":"https:\/\/titelschutz.ch\/pt\/wp-json\/wp\/v2\/pages\/436\/revisions\/529030"}],"wp:attachment":[{"href":"https:\/\/titelschutz.ch\/pt\/wp-json\/wp\/v2\/media?parent=436"}],"curies":[{"name":"wp","href":"https:\/\/api.w.org\/{rel}","templated":true}]}}