{"id":481,"date":"2017-08-05T19:34:03","date_gmt":"2017-08-05T17:34:03","guid":{"rendered":"https:\/\/staging.titelschutz.ch\/?page_id=481"},"modified":"2017-08-05T19:34:03","modified_gmt":"2017-08-05T17:34:03","slug":"hur-laenge-gaeller-titelskyddet-2","status":"publish","type":"page","link":"https:\/\/titelschutz.ch\/sv\/wie-lange-dauert-titelschutz-2\/","title":{"rendered":"Hur l\u00e4nge g\u00e4ller titelskyddet?"},"content":{"rendered":"<div id=\"pl-481\"  class=\"panel-layout\" ><div id=\"pg-481-0\"  class=\"panel-grid panel-has-style\" ><div style=\"padding: 100px 0; \" data-overlay=\"true\" data-overlay-color=\"#000000\" class=\"panel-row-style panel-row-style-for-481-0\" ><div id=\"pgc-481-0-0\"  class=\"panel-grid-cell panel-grid-cell-empty\" ><\/div><div id=\"pgc-481-0-1\"  class=\"panel-grid-cell panel-grid-cell-mobile-last\" ><div id=\"panel-481-0-1-0\" class=\"so-panel widget widget_sow-editor panel-first-child panel-last-child\" data-index=\"0\" ><div\n\t\t\t\n\t\t\tclass=\"so-widget-sow-editor so-widget-sow-editor-base\"\n\t\t\t\n\t\t>\n<div class=\"siteorigin-widget-tinymce textwidget\">\n\t<p>Titelskyddet g\u00e4ller s\u00e5 l\u00e4nge det angivna verket distribueras kommersiellt. F\u00f6r olika medier inneb\u00e4r detta ocks\u00e5 olika giltighetstider: Om ett verk anpassas, s\u00e4ljs eller s\u00e4nds anses det vara i bruk. Detta g\u00e4ller \u00e4ven verk som f\u00f6r n\u00e4rvarande inte \u00e4r tillg\u00e4ngliga, men f\u00f6r vilka en nyutg\u00e5va kan komma att \u00f6verv\u00e4gas. Om den ber\u00e4ttigade inte l\u00e4ngre anv\u00e4nder titeln \u00e4r den inte l\u00e4ngre skyddad enligt \u00a715 och \u00a73 MarkenG. Enligt B\u00f6rsenverein des Deutschen Buchhandels (den tyska bokhandlarf\u00f6reningen) anses en titel inte l\u00e4ngre vara anv\u00e4nd om verket inte har varit tillg\u00e4ngligt p\u00e5 tv\u00e5 \u00e5r; f\u00f6r periodiska verk g\u00e4ller ett \u00e5r. I vissa fall \u00e4r det ocks\u00e5 vanligt med tidsintervall p\u00e5 fem \u00e5r efter att f\u00f6rs\u00e4ljningen upph\u00f6rt, till exempel om verket tidigare har distribuerats kommersiellt under en s\u00e4rskilt l\u00e5ng tid och anses vara en \u00bbklassiker\u00ab.<\/p>\n<p>Om en titel anv\u00e4nds dubbelt trots en parts titelskydd, har innehavaren av titelskyddet tio \u00e5r p\u00e5 sig att kr\u00e4va skadest\u00e5nd. Efter att ha f\u00e5tt k\u00e4nnedom om den fr\u00e4mmande anv\u00e4ndningen av titeln har k\u00e4randen tre \u00e5r p\u00e5 sig att g\u00f6ra sin r\u00e4tt g\u00e4llande. Efter utg\u00e5ngen av dessa tidsfrister har titelinhavaren inte l\u00e4ngre r\u00e4tt till skadest\u00e5nd eller att v\u00e4cka talan om f\u00f6rbud mot anv\u00e4ndningen av titeln. I s\u00e5dana undantagsfall och genom s\u00e4rskild \u00f6verenskommelse med titel\u00e4garen kan verkstitlar ocks\u00e5 tilldelas dubbelt. Om det till exempel r\u00f6r sig om b\u00f6cker av helt olika genrer inom sk\u00f6nlitteraturen kan parterna i s\u00e4rskilda fall komma \u00f6verens om att gemensamt anv\u00e4nda en liknande titel \u2013 f\u00f6r b\u00f6cker s\u00e4kerst\u00e4lls den slutgiltiga differentieringen av verken dessutom genom ett unikt ISBN-nummer.<\/p>\n<\/div>\n<\/div><\/div><\/div><div id=\"pgc-481-0-2\"  class=\"panel-grid-cell panel-grid-cell-empty\" ><\/div><\/div><\/div><\/div>","protected":false},"excerpt":{"rendered":"<p>Der Titelschutz ist solange g\u00fcltig, wie das bezeichnete Werk gesch\u00e4ftlich vertrieben wird. Bei unterschiedlichen Medien bedeutet das auch verschiedene Zeiten der G\u00fcltigkeit: [&hellip;]<\/p>\n","protected":false},"author":10,"featured_media":0,"parent":0,"menu_order":0,"comment_status":"closed","ping_status":"closed","template":"page-templates\/page_fullwidth.php","meta":{"footnotes":""},"class_list":["post-481","page","type-page","status-publish","hentry"],"_links":{"self":[{"href":"https:\/\/titelschutz.ch\/sv\/wp-json\/wp\/v2\/pages\/481","targetHints":{"allow":["GET"]}}],"collection":[{"href":"https:\/\/titelschutz.ch\/sv\/wp-json\/wp\/v2\/pages"}],"about":[{"href":"https:\/\/titelschutz.ch\/sv\/wp-json\/wp\/v2\/types\/page"}],"author":[{"embeddable":true,"href":"https:\/\/titelschutz.ch\/sv\/wp-json\/wp\/v2\/users\/10"}],"replies":[{"embeddable":true,"href":"https:\/\/titelschutz.ch\/sv\/wp-json\/wp\/v2\/comments?post=481"}],"version-history":[{"count":0,"href":"https:\/\/titelschutz.ch\/sv\/wp-json\/wp\/v2\/pages\/481\/revisions"}],"wp:attachment":[{"href":"https:\/\/titelschutz.ch\/sv\/wp-json\/wp\/v2\/media?parent=481"}],"curies":[{"name":"wp","href":"https:\/\/api.w.org\/{rel}","templated":true}]}}