{"id":490,"date":"2017-08-05T19:36:27","date_gmt":"2017-08-05T17:36:27","guid":{"rendered":"https:\/\/staging.titelschutz.ch\/?page_id=490"},"modified":"2017-08-05T19:36:28","modified_gmt":"2017-08-05T17:36:28","slug":"varfoer-behoever-jag-en-titelskyddsanmaelan","status":"publish","type":"page","link":"https:\/\/titelschutz.ch\/sv\/wozu-brauche-ich-eine-titelschutzanzeige\/","title":{"rendered":"Varf\u00f6r beh\u00f6ver jag en titelskyddsanm\u00e4lan?"},"content":{"rendered":"<div id=\"pl-490\"  class=\"panel-layout\" ><div id=\"pg-490-0\"  class=\"panel-grid panel-has-style\" ><div style=\"padding: 100px 0; \" data-overlay=\"true\" data-overlay-color=\"#000000\" class=\"panel-row-style panel-row-style-for-490-0\" ><div id=\"pgc-490-0-0\"  class=\"panel-grid-cell panel-grid-cell-empty\" ><\/div><div id=\"pgc-490-0-1\"  class=\"panel-grid-cell panel-grid-cell-mobile-last\" ><div id=\"panel-490-0-1-0\" class=\"so-panel widget widget_sow-editor panel-first-child panel-last-child\" data-index=\"0\" ><div\n\t\t\t\n\t\t\tclass=\"so-widget-sow-editor so-widget-sow-editor-base\"\n\t\t\t\n\t\t>\n<div class=\"siteorigin-widget-tinymce textwidget\">\n\t<p>Titelskyddet f\u00f6r ett planerat verk kan f\u00f6rskjutas med hj\u00e4lp av titelskyddsanm\u00e4lan. Redan under produktionen eller planeringen av ett verk kan utgivaren eller f\u00f6rfattaren s\u00e4kra sin titel och utan f\u00f6rbeh\u00e5ll annonsera den och diskutera den med andra. Med titelskyddsanm\u00e4lan f\u00f6rhindras att annonserade titlar kan \u00f6vertas av andra. Den kommersiella marknadsf\u00f6ringen f\u00f6re tryckningen garanteras d\u00e4rmed till det avsedda verket och kan inte anv\u00e4ndas av andra f\u00f6r fr\u00e4mmande \u00e4ndam\u00e5l. En f\u00f6ruts\u00e4ttning f\u00f6r titelskyddet \u00e4r att en snar publicering faktiskt planeras och att detta offentligg\u00f6rs (enligt BGH, dom av den 22 juni 1989 \u2013 I ZR 39\/87). \u00c4ven h\u00e4r g\u00e4ller enligt B\u00f6rsenverein riktlinjen om ett till tv\u00e5 \u00e5r fram till publiceringen. Andra k\u00e4llor s\u00e4tter tidsperioden f\u00f6r den kommande publiceringen av en skyddad titel till fem till sex m\u00e5nader. Tidsperioden beror p\u00e5 mediet och den d\u00e4rmed f\u00f6rknippade produktionskostnaden. Om en titel inte \u00e4r tillg\u00e4nglig \u00e4ven efter en l\u00e4ngre tidsperiod och det finns ett behov hos en andra part, kan titelskyddet upph\u00f6ra att g\u00e4lla.<\/p>\n<\/div>\n<\/div><\/div><\/div><div id=\"pgc-490-0-2\"  class=\"panel-grid-cell panel-grid-cell-empty\" ><\/div><\/div><\/div><\/div>","protected":false},"excerpt":{"rendered":"<p>Der Titelschutz eines geplanten Werkes kann mithilfe der Titelschutzanzeige vorverlegt werden. Schon w\u00e4hrend der Produktion oder Planung eines Werkes kann der Herausgeber [&hellip;]<\/p>\n","protected":false},"author":10,"featured_media":0,"parent":0,"menu_order":0,"comment_status":"closed","ping_status":"closed","template":"page-templates\/page_fullwidth.php","meta":{"footnotes":""},"class_list":["post-490","page","type-page","status-publish","hentry"],"_links":{"self":[{"href":"https:\/\/titelschutz.ch\/sv\/wp-json\/wp\/v2\/pages\/490","targetHints":{"allow":["GET"]}}],"collection":[{"href":"https:\/\/titelschutz.ch\/sv\/wp-json\/wp\/v2\/pages"}],"about":[{"href":"https:\/\/titelschutz.ch\/sv\/wp-json\/wp\/v2\/types\/page"}],"author":[{"embeddable":true,"href":"https:\/\/titelschutz.ch\/sv\/wp-json\/wp\/v2\/users\/10"}],"replies":[{"embeddable":true,"href":"https:\/\/titelschutz.ch\/sv\/wp-json\/wp\/v2\/comments?post=490"}],"version-history":[{"count":0,"href":"https:\/\/titelschutz.ch\/sv\/wp-json\/wp\/v2\/pages\/490\/revisions"}],"wp:attachment":[{"href":"https:\/\/titelschutz.ch\/sv\/wp-json\/wp\/v2\/media?parent=490"}],"curies":[{"name":"wp","href":"https:\/\/api.w.org\/{rel}","templated":true}]}}