{"id":436,"date":"2017-08-05T18:19:58","date_gmt":"2017-08-05T16:19:58","guid":{"rendered":"https:\/\/staging.titelschutz.ch\/agb\/"},"modified":"2025-07-29T15:19:57","modified_gmt":"2025-07-29T13:19:57","slug":"sartlar-ve-kosullar","status":"publish","type":"page","link":"https:\/\/titelschutz.ch\/tr\/agb\/","title":{"rendered":"SMOLNY MEDIA taraf\u0131ndan sunulan \u201ctitelschutz.ch\u201d genel i\u015f ve kullan\u0131m ko\u015fullar\u0131"},"content":{"rendered":"<p><b>\u00d6ns\u00f6z<\/b><\/p>\n<p><b>Tan\u0131mlar<\/b><\/p>\n<ul>\n<li><span style=\"font-weight: 400;\">SMOLNY MEDIA, <\/span><span style=\"font-weight: 400;\">Rosenbergweg 7a, CH- 6300 Zug\u00a0<\/span><span style=\"font-weight: 400;\">(bundan sonra \u201cSMOLNY MEDIA\u201d olarak an\u0131lacakt\u0131r)<\/span><\/li>\n<li><a href=\"https:\/\/titelschutz.ch\/tr\/\"><span style=\"font-weight: 400;\">www.titelschutz.ch<\/span><\/a><span style=\"font-weight: 400;\"> ve bu web sitesinin t\u00fcm alt sayfalar\u0131, di\u011fer URL'lere ba\u011flant\u0131 veren sayfalar alt sayfa olarak kabul edilmez.\u00a0<\/span><span style=\"font-weight: 400;\">(bundan sonra \u201ctitelschutz.ch\u201d olarak an\u0131lacakt\u0131r)<\/span><\/li>\n<li><span style=\"font-weight: 400;\">titelschutz.ch'nin son m\u00fc\u015fterisi\u00a0<\/span><span style=\"font-weight: 400;\">(bundan sonra \u201cM\u00fc\u015fteri\u201d olarak an\u0131lacakt\u0131r)<\/span><\/li>\n<li><span style=\"font-weight: 400;\">Anonim kay\u0131t, belge ve ara\u015ft\u0131rma hakk\u0131nda ek teklif\u00a0<\/span><span style=\"font-weight: 400;\">(bundan sonra \u201cEk Hizmet\u201d olarak an\u0131lacakt\u0131r)<\/span><\/li>\n<\/ul>\n<p><span style=\"font-weight: 400;\">SMOLNY MEDIA, titelschutz.ch ile m\u00fc\u015fterinin SMOLNY MEDIA arac\u0131l\u0131\u011f\u0131yla ba\u015fl\u0131k koruma ilan\u0131 verebilece\u011fi bir platform sunmaktad\u0131r. Ayr\u0131ca, m\u00fc\u015fteri ek hizmet olarak, ba\u015fl\u0131k koruma ilan\u0131n\u0131 anonim olarak kaydettirebilir, ba\u015fl\u0131k koruma ilan\u0131n\u0131n yay\u0131nlanmas\u0131 i\u00e7in bir belge d\u00fczenlettirebilir ve SMOLNY MEDIA'ya, kaydedilecek ba\u015fl\u0131\u011f\u0131n zaten korunup korunmad\u0131\u011f\u0131n\u0131 veya kullan\u0131l\u0131p kullan\u0131lmad\u0131\u011f\u0131n\u0131 ara\u015ft\u0131rmas\u0131n\u0131 isteyebilir. Ara\u015ft\u0131rma, yasal olarak ba\u011flay\u0131c\u0131 de\u011fildir. <\/span><\/p>\n<p><span style=\"font-weight: 400;\">Sipari\u015f verilmesi ile birlikte bir tutar \u00f6denir. Bu tutar\u0131n miktar\u0131, titelschutz.ch'de ilgili ek hizmetin yan\u0131nda belirtilmi\u015ftir.<\/span><\/p>\n<p><span style=\"font-weight: 400;\">Temel olarak, bir ba\u015fl\u0131\u011f\u0131n korumas\u0131, d\u0131\u015far\u0131ya y\u00f6nelik kullan\u0131m ba\u015flad\u0131\u011f\u0131 anda ortaya \u00e7\u0131kar. Ba\u015fl\u0131k koruma bildirimi, zaman \u00f6nceli\u011fini g\u00fcvence alt\u0131na almak i\u00e7in kullan\u0131l\u0131r ve kullan\u0131m ba\u015flamadan \u00f6nce ba\u015fl\u0131k korumas\u0131n\u0131 m\u00fcmk\u00fcn k\u0131lar.<\/span><\/p>\n<p><span style=\"font-weight: 400;\">Bu durumda, ilan yay\u0131nland\u0131ktan sonra kullan\u0131m\u0131n makul bir s\u00fcre i\u00e7inde ger\u00e7ekle\u015fmesi gerekti\u011fi unutulmamal\u0131d\u0131r.<\/span><\/p>\n<ul>\n<li><b> 1 Sa\u011flay\u0131c\u0131 ve ge\u00e7erlilik alan\u0131<\/b><\/li>\n<\/ul>\n<ol>\n<li style=\"font-weight: 400;\"><span style=\"font-weight: 400;\">Titelschutz.ch'nin sa\u011flay\u0131c\u0131s\u0131 ve i\u015fletmecisi SMOLNY MEDIA, Rosenbergweg 7a- CH \u2013 6300 Zug'dur.<\/span><\/li>\n<li style=\"font-weight: 400;\"><span style=\"font-weight: 400;\">Genel \u015fartlar ve ko\u015fullar, EVG'nin hizmetlerini kullanan herkes i\u00e7in ge\u00e7erlidir. <\/span><\/li>\n<li style=\"font-weight: 400;\"><span style=\"font-weight: 400;\">Bu genel \u015fartlar ve ko\u015fullar, m\u00fc\u015fterinin t\u00fcketici veya giri\u015fimci olmas\u0131na bak\u0131lmaks\u0131z\u0131n ge\u00e7erlidir. <\/span><\/li>\n<li style=\"font-weight: 400;\"><span style=\"font-weight: 400;\">Titeleschutz.ch, yaln\u0131zca 18 ya\u015f\u0131n\u0131 doldurmu\u015f m\u00fc\u015fterilere y\u00f6neliktir.<\/span><\/li>\n<li style=\"font-weight: 400;\"><span style=\"font-weight: 400;\">S\u00f6zle\u015fme dili Almanca'd\u0131r.<\/span><\/li>\n<li style=\"font-weight: 400;\"><span style=\"font-weight: 400;\">SMOLNY MEDIA'n\u0131n a\u00e7\u0131k\u00e7a ve yaz\u0131l\u0131 olarak onaylamad\u0131\u011f\u0131 s\u00fcrece, di\u011fer genel \u015fartlar ve ko\u015fullar ge\u00e7erli de\u011fildir.<\/span><\/li>\n<\/ol>\n<ul>\n<li><b> 2 titelschutz.ch'de sipari\u015f i\u015fleme<\/b><\/li>\n<\/ul>\n<ol>\n<li style=\"font-weight: 400;\"><span style=\"font-weight: 400;\">SMOLNY MEDIA'n\u0131n ana sayfas\u0131nda, bir ba\u015fl\u0131k koruma ilan\u0131 veya ek hizmet (anonim giri\u015f, belge ve\/veya ara\u015ft\u0131rma) kullanma imkan\u0131 tek ba\u015f\u0131na, bir s\u00f6zle\u015fme imzalanmas\u0131 i\u00e7in yasal olarak ba\u011flay\u0131c\u0131 bir talep te\u015fkil etmez. Bu, ba\u015fl\u0131k koruma ilan\u0131 veya ek hizmetin ger\u00e7ekle\u015ftirilmesi teklifini sipari\u015f etmek i\u00e7in ba\u011flay\u0131c\u0131 olmayan bir davettir.<\/span><\/li>\n<li style=\"font-weight: 400;\"><span style=\"font-weight: 400;\">M\u00fclkiyet hakk\u0131 koruma bildirimini eksiksiz ve do\u011fru bir \u015fekilde yapmak i\u00e7in m\u00fc\u015fteri, titelschutz.ch adresinde bulunan giri\u015f formunu doldurur. <\/span><\/li>\n<li style=\"font-weight: 400;\"><span style=\"font-weight: 400;\">M\u00fc\u015fteri \u201cBa\u015fl\u0131\u011f\u0131 koru\u201d d\u00fc\u011fmesine bast\u0131\u011f\u0131nda, SMOLNY MEDIA'ya ba\u015fl\u0131k koruma ilan\u0131 yay\u0131nlama talimat\u0131 verir. <\/span><\/li>\n<li style=\"font-weight: 400;\"><span style=\"font-weight: 400;\">\u201cBa\u015fl\u0131\u011f\u0131 koru\u201d d\u00fc\u011fmesine bas\u0131ld\u0131ktan hemen sonra, m\u00fc\u015fteriye sipari\u015fin al\u0131nd\u0131\u011f\u0131n\u0131 onaylayan otomatik olarak olu\u015fturulan bir e-posta g\u00f6nderilir (al\u0131nd\u0131\u011f\u0131na dair onay).<\/span><\/li>\n<li style=\"font-weight: 400;\"><span style=\"font-weight: 400;\">Sipari\u015fin kabul\u00fc, SMOLNY MEDIA taraf\u0131ndan a\u00e7\u0131k\u00e7a beyan edilmedik\u00e7e, sipari\u015fin al\u0131nd\u0131\u011f\u0131n\u0131n teyit edilmesiyle birlikte kabul edildi\u011fi beyan edilmedik\u00e7e ger\u00e7ekle\u015fmez. <\/span><\/li>\n<li style=\"font-weight: 400;\"><span style=\"font-weight: 400;\">S\u00f6zle\u015fme, en ge\u00e7 reklam\u0131n ba\u015far\u0131l\u0131 bir \u015fekilde yay\u0131nland\u0131\u011f\u0131n\u0131n e-posta ile teyit edilmesiyle y\u00fcr\u00fcrl\u00fc\u011fe girer.<\/span><\/li>\n<li style=\"font-weight: 400;\"><span style=\"font-weight: 400;\">Reklam yay\u0131nlanmas\u0131 m\u00fcmk\u00fcn de\u011filse, SMOLNY MEDIA kabul beyan\u0131ndan vazge\u00e7ecektir. Bu durumda s\u00f6zle\u015fme kurulmaz. SMOLNY MEDIA m\u00fc\u015fteriyi bu konuda bilgilendirecektir. M\u00fc\u015fteri taraf\u0131ndan sa\u011flanan veriler derhal silinecektir.<\/span><\/li>\n<\/ol>\n<ul>\n<li><b> 3 Ek hizmet rezervasyonu<\/b><\/li>\n<\/ul>\n<ol>\n<li style=\"font-weight: 400;\"><span style=\"font-weight: 400;\">Titelschutz.ch'de sunulan ek hizmetlerin yasal olarak ba\u011flay\u0131c\u0131 sipari\u015fi, ilgili \u00fcr\u00fcn\u00fc t\u0131klayarak ve \u201c\u015eimdi sat\u0131n al\u201d d\u00fc\u011fmesine basarak sipari\u015fi g\u00f6ndererek ger\u00e7ekle\u015ftirilir.<\/span><\/li>\n<li style=\"font-weight: 400;\"><span style=\"font-weight: 400;\">Sipari\u015fin al\u0131nmas\u0131, otomatik olarak olu\u015fturulan bir e-posta ile derhal teyit edilir.<\/span><\/li>\n<li style=\"font-weight: 400;\"><span style=\"font-weight: 400;\">Sipari\u015fin kabul\u00fc, SMOLNY MEDIA taraf\u0131ndan a\u00e7\u0131k\u00e7a beyan edilmedik\u00e7e, sipari\u015fin al\u0131nd\u0131\u011f\u0131n\u0131n teyidi ile birlikte kabul beyan\u0131 yap\u0131lmad\u0131k\u00e7a ger\u00e7ekle\u015fmez.<\/span><\/li>\n<li style=\"font-weight: 400;\"><span style=\"font-weight: 400;\">S\u00f6zle\u015fme, en ge\u00e7 sipari\u015f edilen \u00fcr\u00fcn\u00fcn teslimat\u0131 ile y\u00fcr\u00fcrl\u00fc\u011fe girer.<\/span><\/li>\n<li style=\"font-weight: 400;\"><span style=\"font-weight: 400;\">\u00dcr\u00fcn\u00fcn teslimat\u0131 m\u00fcmk\u00fcn de\u011filse, SMOLNY MEDIA kabul beyan\u0131ndan vazge\u00e7ecektir. Bu durumda s\u00f6zle\u015fme kurulmu\u015f say\u0131lmaz. SMOLNY MEDIA m\u00fc\u015fteriyi bu durum hakk\u0131nda bilgilendirecek ve halihaz\u0131rda alm\u0131\u015f oldu\u011fu bedeli derhal iade edecektir.<\/span><\/li>\n<\/ol>\n<ul>\n<li><b> 4 Fiyat bilgileri, \u00f6deme ko\u015fullar\u0131<\/b><\/li>\n<\/ul>\n<ol>\n<li style=\"font-weight: 400;\"><span style=\"font-weight: 400;\">titelschutz.ch'de belirtilen t\u00fcm fiyatlar, yasal katma de\u011fer vergisi dahil br\u00fct fiyatlard\u0131r. \u0130lgili \u00fcr\u00fcnlerin g\u00f6nderimi \u00fccretsizdir.<\/span><\/li>\n<li style=\"font-weight: 400;\"><span style=\"font-weight: 400;\">\u00d6deme \u015fekli, titelschutz.ch'de belirtilen \u00f6deme se\u00e7eneklerine g\u00f6re belirlenir.<\/span><\/li>\n<li style=\"font-weight: 400;\"><span style=\"font-weight: 400;\">M\u00fc\u015fterinin ek hizmeti sipari\u015f ederken yapt\u0131\u011f\u0131 \u00f6deme, yani sat\u0131n alma bedelinin \u00f6denmesi, derhal muaccel hale gelir.<\/span><\/li>\n<\/ol>\n<ul>\n<li><b> 5 \u0130ptal hakk\u0131<\/b><\/li>\n<\/ul>\n<ol>\n<li style=\"font-weight: 400;\"><span style=\"font-weight: 400;\">Sipari\u015fi veren veya sipari\u015f eden m\u00fc\u015fteri bir t\u00fcketici ise (yani, sipari\u015fi ticari veya serbest meslek faaliyetiyle ilgili olmayan bir ama\u00e7la veren ger\u00e7ek ki\u015fi), yasal h\u00fck\u00fcmler uyar\u0131nca iptal hakk\u0131 vard\u0131r.<\/span><\/li>\n<li style=\"font-weight: 400;\"><span style=\"font-weight: 400;\">\u0130ptal hakk\u0131 s\u00f6z konusu de\u011fildir.,\u00a0<\/span><span style=\"font-weight: 400;\">m\u00fczakerelerin tamamlanmas\u0131n\u0131n ard\u0131ndan hizmetin derhal sunulmas\u0131 ve \u00f6denmesi ve t\u00fcketicinin \u00f6demesi gereken \u00fccretin 40,00 Euro\/CHF (br\u00fct) tutar\u0131n\u0131 a\u015fmamas\u0131 ve\/veya <\/span><span style=\"font-weight: 400;\">Sipari\u015f veya sipari\u015f edilen ek hizmet, m\u00fc\u015fterinin bireysel se\u00e7imi veya talebi \u00fczerine ger\u00e7ekle\u015ftirilmi\u015fse  veya m\u00fc\u015fterinin ki\u015fisel ihtiya\u00e7lar\u0131na a\u00e7\u0131k\u00e7a uyarlanm\u0131\u015fsa.<\/span><\/li>\n<\/ol>\n<p><b>\u0130ptal bilgisi<\/b><\/p>\n<p><span style=\"font-weight: 400;\">On d\u00f6rt g\u00fcn i\u00e7inde, herhangi bir neden belirtmeksizin bu s\u00f6zle\u015fmeyi feshetme hakk\u0131na sahipsiniz.<\/span><\/p>\n<p><span style=\"font-weight: 400;\">\u0130ptal s\u00fcresi, s\u00f6zle\u015fmenin imzaland\u0131\u011f\u0131 g\u00fcnden veya sizin ya da sizin ad\u0131n\u0131za hareket eden, nakliyeci olmayan bir \u00fc\u00e7\u00fcnc\u00fc ki\u015finin mallar\u0131 teslim ald\u0131\u011f\u0131 g\u00fcnden itibaren on d\u00f6rt g\u00fcnd\u00fcr.<\/span><\/p>\n<p><span style=\"font-weight: 400;\">\u0130ptal hakk\u0131n\u0131z\u0131 kullanmak i\u00e7in bize,<\/span><\/p>\n<p><span style=\"font-weight: 400;\">SMOLNY MEDYA<br \/>\n<\/span><span style=\"font-weight: 400;\">Rosenbergweg 7a<br \/>\n<\/span><span style=\"font-weight: 400;\">CH- 6300 Zug<\/span><\/p>\n<p><span style=\"font-weight: 400;\">E-posta: <\/span><a href=\"mailto:beratung@smolnymedia.com\"><span style=\"font-weight: 400;\">beratung@smolnymedia.com<\/span><\/a><\/p>\n<p><span style=\"font-weight: 400;\">Bu s\u00f6zle\u015fmeyi feshetme karar\u0131n\u0131z\u0131 a\u00e7\u0131k bir beyanla (\u00f6rne\u011fin posta ile g\u00f6nderilen mektup, faks veya e-posta) bize bildiriniz. Ekli \u00f6rnek fesih formunu kullanabilirsiniz, ancak bu zorunlu de\u011fildir.<\/span><\/p>\n<p><span style=\"font-weight: 400;\">\u0130ptal s\u00fcresinin korunmas\u0131 i\u00e7in, iptal s\u00fcresinin bitiminden \u00f6nce iptal hakk\u0131n\u0131n kullan\u0131ld\u0131\u011f\u0131na dair bildirimi g\u00f6ndermeniz yeterlidir.<\/span><\/p>\n<p><b>\u0130ptalin sonu\u00e7lar\u0131<\/b><\/p>\n<p><span style=\"font-weight: 400;\">Bu s\u00f6zle\u015fmeyi iptal ederseniz, sizden ald\u0131\u011f\u0131m\u0131z t\u00fcm \u00f6demeleri, teslimat masraflar\u0131 dahil (bizim sundu\u011fumuz uygun standart teslimat yerine ba\u015fka bir teslimat t\u00fcr\u00fc se\u00e7menizden kaynaklanan ek masraflar hari\u00e7), derhal ve en ge\u00e7 on d\u00f6rt g\u00fcn i\u00e7inde, \u00a0Bu geri \u00f6deme i\u00e7in, sizinle aksi y\u00f6nde a\u00e7\u0131k\u00e7a mutab\u0131k kal\u0131nmad\u0131k\u00e7a, orijinal i\u015flemde kulland\u0131\u011f\u0131n\u0131z \u00f6deme y\u00f6ntemini kullan\u0131r\u0131z; bu geri \u00f6deme nedeniyle hi\u00e7bir \u015fekilde sizden \u00fccret talep edilmez. \u00a0<\/span><\/p>\n<p><span style=\"font-weight: 400;\">Mallar\u0131 derhal ve her hal\u00fckarda, bu s\u00f6zle\u015fmenin feshini bize bildirdi\u011finiz tarihten itibaren en ge\u00e7 on d\u00f6rt g\u00fcn i\u00e7inde bize (SMOLNY MEDIA) iade etmeniz veya teslim etmeniz gerekmektedir. On d\u00f6rt g\u00fcnl\u00fck s\u00fcre bitmeden mallar\u0131 g\u00f6nderirseniz, s\u00fcreye uymu\u015f say\u0131l\u0131rs\u0131n\u0131z.<\/span><\/p>\n<p><span style=\"font-weight: 400;\">Mallar\u0131n iade edilmesinden do\u011fan do\u011frudan masraflar\u0131 siz \u00fcstlenirsiniz.<\/span><\/p>\n<p><span style=\"font-weight: 400;\">Hizmet sunumuna ili\u015fkin bir s\u00f6zle\u015fme durumunda:<\/span><\/p>\n<p><span style=\"font-weight: 400;\">\u0130ptal s\u00fcresi i\u00e7inde hizmetin ba\u015flamas\u0131n\u0131 talep ettiyseniz, bize, bu s\u00f6zle\u015fmeyle ilgili iptal hakk\u0131n\u0131z\u0131 bize bildirdi\u011finiz tarihe kadar sunulan hizmetlerin toplam hizmet kapsam\u0131na oranla, makul bir tutar\u0131 \u00f6demeniz gerekir.<\/span><\/p>\n<p><b>\u00d6rnek cayma formu<\/b><\/p>\n<p><span style=\"font-weight: 400;\">S\u00f6zle\u015fmeyi iptal etmek istiyorsan\u0131z, l\u00fctfen bu formu doldurup geri g\u00f6nderin.<\/span><\/p>\n<p><span style=\"font-weight: 400;\">An<\/span><\/p>\n<p><span style=\"font-weight: 400;\">SMOLNY MEDYA<br \/>\n<\/span><span style=\"font-weight: 400;\">Rosenbergweg 7a<br \/>\n<\/span><span style=\"font-weight: 400;\">CH- 6300 Zug<\/span><\/p>\n<p><span style=\"font-weight: 400;\">E-posta: <\/span><a href=\"mailto:beratung@smolnymedia.com\"><span style=\"font-weight: 400;\">beratung@smolnymedia.com<\/span><\/a><\/p>\n<p><span style=\"font-weight: 400;\">Burada, ben\/biz (*) taraf\u0131mdan\/taraf\u0131m\u0131zdan (+) imzalanan a\u015fa\u011f\u0131daki mallar\u0131n sat\u0131n al\u0131nmas\u0131na ili\u015fkin s\u00f6zle\u015fmeyi\/a\u015fa\u011f\u0131daki hizmetin sunulmas\u0131na ili\u015fkin s\u00f6zle\u015fmeyi (*) iptal ediyorum\/ediyoruz.<\/span><\/p>\n<p><span style=\"font-weight: 400;\">Sipari\u015f tarihi (+)\/ teslim tarihi (+):<\/span><\/p>\n<p><span style=\"font-weight: 400;\">T\u00fcketici(ler)in ad\u0131:<\/span><\/p>\n<p><span style=\"font-weight: 400;\">T\u00fcketicinin\/t\u00fcketicilerin adresi:<\/span><\/p>\n<p><span style=\"font-weight: 400;\">T\u00fcketici\/t\u00fcketicilerin imzas\u0131 (sadece ka\u011f\u0131t \u00fczerinde bildirimde bulunulmas\u0131 durumunda)<\/span><\/p>\n<p><span style=\"font-weight: 400;\">tarih<\/span><\/p>\n<p><b>\u0130ptal bilgisinin sonu<\/b><\/p>\n<p><span style=\"font-weight: 400;\"> M\u00fc\u015fteri, cayma hakk\u0131ndan feragat eder.,<\/span><\/p>\n<ol>\n<li style=\"font-weight: 400;\"><span style=\"font-weight: 400;\">Sipari\u015f, dijital olarak \u00fcretilmi\u015f formda veri teslimat\u0131 ve sa\u011flanmas\u0131 ile ilgiliyse,<\/span><\/li>\n<li style=\"font-weight: 400;\"><span style=\"font-weight: 400;\">M\u00fc\u015fteri, cayma s\u00fcresinin bitiminden \u00f6nce s\u00f6zle\u015fmenin ifas\u0131na ba\u015flanabilece\u011fini a\u00e7\u0131k\u00e7a kabul eder ve<\/span><\/li>\n<li style=\"font-weight: 400;\"><span style=\"font-weight: 400;\">M\u00fc\u015fteri, s\u00f6zle\u015fmenin y\u00fcr\u00fcrl\u00fc\u011fe girmesiyle birlikte cayma hakk\u0131n\u0131 kaybetti\u011fini onaylad\u0131\u011f\u0131n\u0131 beyan etmi\u015ftir.<\/span><\/li>\n<\/ol>\n<ul>\n<li><b> 6 Haklar ve y\u00fck\u00fcml\u00fcl\u00fckler<\/b><\/li>\n<\/ul>\n<ol>\n<li style=\"font-weight: 400;\"><span style=\"font-weight: 400;\">SMOLNY MEDIA, s\u00f6zle\u015fmenin imzalanmas\u0131 i\u00e7in gerekli olan m\u00fc\u015fterinin ki\u015fisel verilerini toplar. Verilerin toplanmas\u0131 titelschutz.ch arac\u0131l\u0131\u011f\u0131yla ger\u00e7ekle\u015ftirilir.<\/span><\/li>\n<li style=\"font-weight: 400;\"><span style=\"font-weight: 400;\">SMOLNY MEDIA, 1. paragrafta toplanan veriler temelinde, s\u00f6zle\u015fmenin imzalanmas\u0131ndan sonra m\u00fc\u015fteriye yeni \u00fcr\u00fcnler hakk\u0131nda veya m\u00fc\u015fterinin sipari\u015f etti\u011fi \u00fcr\u00fcnle ilgili bilgiler g\u00f6nderebilir. M\u00fc\u015fteri, SMOLNY MEDIA'n\u0131n bu hakk\u0131na her zaman yaz\u0131l\u0131 olarak (\u00f6rne\u011fin e-posta ile) itiraz edebilir. M\u00fc\u015fteri bu itiraz hakk\u0131n\u0131 kullan\u0131rsa, SMOLNY MEDIA m\u00fc\u015fteriye bilgi g\u00f6nderimini derhal durduracakt\u0131r.<\/span><\/li>\n<li style=\"font-weight: 400;\"><span style=\"font-weight: 400;\">M\u00fc\u015fteri, ba\u015fl\u0131k koruma ilan\u0131 yay\u0131nlanmas\u0131 talimat\u0131n\u0131 vererek, ilan\u0131n ilgili sosyal medya kanallar\u0131nda (\u00f6rn. Facebook, Twitter vb.) da yay\u0131nlanabilece\u011fini kabul eder.<\/span><\/li>\n<li style=\"font-weight: 400;\"><span style=\"font-weight: 400;\">M\u00fc\u015fteri, ba\u015fl\u0131k koruma ilan\u0131 yay\u0131nlama talebinde bulunarak, bu ilan\u0131n ar\u015fivlenmesine de izin vermi\u015f olur.<\/span><\/li>\n<li style=\"font-weight: 400;\"><span style=\"font-weight: 400;\">SMOLNY MEDIA, bir takvim y\u0131l\u0131n\u0131n sona ermesinden sonra, m\u00fc\u015fteriye ait ba\u015fl\u0131k koruma bildirimi veya di\u011fer verileri saklama veya ba\u015fka bir \u015fekilde muhafaza etme y\u00fck\u00fcml\u00fcl\u00fc\u011f\u00fc alt\u0131nda de\u011fildir. Bu nedenle, m\u00fc\u015fterinin ba\u015fl\u0131k koruma bildirimini uygun bir elektronik ortamda saklamas\u0131 tavsiye edilir.<\/span><\/li>\n<\/ol>\n<ul>\n<li><b> 7 Sorumluluk<\/b><\/li>\n<\/ul>\n<ol>\n<li style=\"font-weight: 400;\"><span style=\"font-weight: 400;\">M\u00fc\u015fteri, i\u00e7erik bilgilerinin sorumlulu\u011funu kendisi \u00fcstlenir. Titelschutz.ch giri\u015f maskesinde ba\u015fl\u0131k g\u00f6sterimi i\u00e7in girilen bilgiler kontrol edilmez.<\/span><\/li>\n<li style=\"font-weight: 400;\"><span style=\"font-weight: 400;\">SMOLNY MEDIA, titelschutz.ch adresinde doldurulan giri\u015f formunda m\u00fc\u015fteri taraf\u0131ndan verilen yanl\u0131\u015f bilgilerden sorumlu de\u011fildir. <\/span><\/li>\n<li style=\"font-weight: 400;\"><span style=\"font-weight: 400;\">M\u00fc\u015fteri, dikkatsizlik, yaz\u0131m hatalar\u0131 veya di\u011fer yanl\u0131\u015f i\u00e7erik bilgileri nedeniyle ilan\u0131n d\u00fczeltilmesi ve\/veya d\u00fczeltilmesini talep edemez. Bir ba\u015fl\u0131k koruma ilan\u0131n\u0131n d\u00fczeltilmesi ve\/veya d\u00fczeltilmesinin yap\u0131l\u0131p yap\u0131lmayaca\u011f\u0131na SMOLNY MEDIA, tamamen kendi takdirine ba\u011fl\u0131 olarak ve iyi niyet temelinde karar verir.<\/span><\/li>\n<li style=\"font-weight: 400;\"><span style=\"font-weight: 400;\">SMOLNY MEDIA, tescil edilecek unvan\u0131n halihaz\u0131rda koruma alt\u0131nda olmas\u0131 durumunda da sorumluluk kabul etmez. Bu nedenle, SMOLNY MEDIA taraf\u0131ndan \u00f6nceden bir ara\u015ft\u0131rma yap\u0131lmas\u0131 tavsiye edilir. Ancak, ara\u015ft\u0131rma sonucunda elde edilen bilgiler hukuki a\u00e7\u0131dan ba\u011flay\u0131c\u0131 de\u011fildir.<\/span><\/li>\n<li style=\"font-weight: 400;\"><span style=\"font-weight: 400;\">SMOLNY MEDIA, kas\u0131t ve a\u011f\u0131r ihmal durumlar\u0131nda, yasal h\u00fck\u00fcmler uyar\u0131nca, s\u00f6zle\u015fmeye dayal\u0131 ve s\u00f6zle\u015fme d\u0131\u015f\u0131 t\u00fcm sorumluluklarda m\u00fc\u015fteriye kar\u015f\u0131 tazminat veya bo\u015funa yap\u0131lan harcamalar\u0131n geri \u00f6denmesinden sorumludur.<\/span><\/li>\n<li style=\"font-weight: 400;\"><span style=\"font-weight: 400;\">Di\u011fer durumlarda SMOLNY MEDIA, 3. paragrafta aksi belirtilmedik\u00e7e, yaln\u0131zca s\u00f6zle\u015fmenin d\u00fczg\u00fcn bir \u015fekilde yerine getirilmesini m\u00fcmk\u00fcn k\u0131lan ve m\u00fc\u015fterinin d\u00fczenli olarak g\u00fcvenebilece\u011fi bir s\u00f6zle\u015fme y\u00fck\u00fcml\u00fcl\u00fc\u011f\u00fcn\u00fcn ihlali durumunda sorumluluk kabul eder (s\u00f6zde temel y\u00fck\u00fcml\u00fcl\u00fck) ve bu sorumluluk \u00f6ng\u00f6r\u00fclebilir ve tipik zararlar\u0131n tazminiyle s\u0131n\u0131rl\u0131d\u0131r. Di\u011fer t\u00fcm durumlarda, 3. paragrafta belirtilen h\u00fck\u00fcm sakl\u0131 kalmak kayd\u0131yla, sorumluluk hari\u00e7 tutulur.<\/span><\/li>\n<li style=\"font-weight: 400;\"><span style=\"font-weight: 400;\">Hayat, beden veya sa\u011fl\u0131\u011f\u0131n zarar g\u00f6rmesinden kaynaklanan zararlar ve \u00fcr\u00fcn sorumluluk yasas\u0131 kapsam\u0131ndaki zararlar i\u00e7in sorumluluk, yukar\u0131daki sorumluluk s\u0131n\u0131rlamalar\u0131 ve istisnalar\u0131ndan etkilenmez.<\/span><\/li>\n<li style=\"font-weight: 400;\"><span style=\"font-weight: 400;\">SMOLNY MEDIA, titelschutz.ch'de sa\u011flanan t\u00fcm bilgilerin g\u00fcncel ve hatas\u0131z olmas\u0131n\u0131 sa\u011flamak i\u00e7in \u00e7aba g\u00f6stermektedir. Sa\u011flanan bilgilerin do\u011frulu\u011fu ve eksiksizli\u011fi konusunda herhangi bir garanti verilemez.<\/span><\/li>\n<li style=\"font-weight: 400;\"><span style=\"font-weight: 400;\">\u0130nternet \u00fczerinden veri ileti\u015fiminin her zaman kullan\u0131labilirli\u011fi garanti edilemez. Bu nedenle SMOLNY MEDIA, titelschutz.ch veya sunulan hizmetlerin ve \u00fcr\u00fcnlerin her zaman kullan\u0131labilirli\u011fi ve kesinti s\u00fcreleri konusunda herhangi bir sorumluluk kabul etmez.<\/span><\/li>\n<li style=\"font-weight: 400;\"><span style=\"font-weight: 400;\">SMOLNY MEDIA, SMOLNY MEDIA'n\u0131n sorumlu olmad\u0131\u011f\u0131 durumlarda, \u00fc\u00e7\u00fcnc\u00fc \u015fah\u0131slar\u0131n m\u00fc\u015fterinin ki\u015fisel verilerini izinsiz olarak elde etmesinden de sorumlu de\u011fildir. <\/span><\/li>\n<li style=\"font-weight: 400;\"><span style=\"font-weight: 400;\">Yukar\u0131daki sorumluluk muafiyetleri ve s\u0131n\u0131rlamalar\u0131, SMOLNY MEDIA'n\u0131n \u00e7al\u0131\u015fanlar\u0131, i\u015f\u00e7ileri, temsilcileri ve yard\u0131mc\u0131lar\u0131n\u0131n sorumluluklar\u0131 i\u00e7in de ge\u00e7erlidir.<\/span><\/li>\n<\/ol>\n<ul>\n<li><b> 10 Unvan koruma bildiriminin yap\u0131lmas\u0131n\u0131n hari\u00e7 tutulmas\u0131<\/b><\/li>\n<\/ul>\n<p><span style=\"font-weight: 400;\">SMOLNY MEDIA, \u0131rk ayr\u0131mc\u0131l\u0131\u011f\u0131 veya di\u011fer etnik k\u00f6kenlere, cinsiyetlere, dinlere veya d\u00fcnya g\u00f6r\u00fc\u015flerine, engellili\u011fe, ya\u015fa veya cinsel kimli\u011fe y\u00f6nelik ayr\u0131mc\u0131l\u0131\u011f\u0131 itibars\u0131zla\u015ft\u0131ran ba\u015fl\u0131k koruma bildirimlerini reddeder. Ayn\u0131 durum, koruma ile ilgili bir normu ihlal eden ba\u015fl\u0131k i\u00e7erikleri i\u00e7in de ge\u00e7erlidir.<\/span><\/p>\n<ul>\n<li><b> 11 S\u00f6zle\u015fmenin feshi <\/b><\/li>\n<\/ul>\n<p><span style=\"font-weight: 400;\">S\u00f6zle\u015fme, ba\u015fl\u0131k koruma ilan\u0131 yay\u0131nland\u0131\u011f\u0131nda sona erer. Hizmetlerin sunulmas\u0131yla ilgili bir s\u00f6zle\u015fme imzalanmas\u0131 durumunda, bu s\u00f6zle\u015fmenin feshi yasal h\u00fck\u00fcmlere tabidir.<\/span><\/p>\n<ul>\n<li><b> 12 Kullan\u0131m haklar\u0131<\/b><\/li>\n<\/ul>\n<p><span style=\"font-weight: 400;\">SMOLNY MEDIA, titelschutz.ch'de yay\u0131nlanan t\u00fcm resimlerin, metinlerin ve\/veya grafiklerin telif hakk\u0131na sahiptir. \u00d6nceden yaz\u0131l\u0131 izin al\u0131nmadan, \u00e7o\u011faltma, da\u011f\u0131t\u0131m ve\/veya d\u00fczenleme, k\u0131smen de olsa, SMOLNY MEDIA'n\u0131n a\u00e7\u0131k\u00e7a sakl\u0131 hakk\u0131d\u0131r. <\/span><\/p>\n<ul>\n<li><b> 13 Veri Koruma<\/b><\/li>\n<\/ul>\n<ol>\n<li style=\"font-weight: 400;\"><span style=\"font-weight: 400;\">M\u00fc\u015fterinin ki\u015fisel verileri, ilgili veri koruma yasalar\u0131, telemedia yasalar\u0131 ve di\u011fer ilgili yasal veri koruma h\u00fck\u00fcmlerine uygun olarak i\u015flenir.<\/span><\/li>\n<li style=\"font-weight: 400;\"><span style=\"font-weight: 400;\">S\u00f6zle\u015fmenin yerine getirilmesi kapsam\u0131nda toplanan t\u00fcm veriler (envanter verileri) ve kullan\u0131m s\u0131ras\u0131nda ortaya \u00e7\u0131kan veriler (hareket verileri), s\u00f6zle\u015fmenin yerine getirilmesi ve faturaland\u0131rma amac\u0131yla toplan\u0131r, saklan\u0131r ve kullan\u0131l\u0131r. Di\u011fer kullan\u0131mlar \u00a7 7 Madde 2 uyar\u0131nca ger\u00e7ekle\u015ftirilir.<\/span><\/li>\n<\/ol>\n<ul>\n<li><b> 14 Genel \u015eartlar ve Ko\u015fullar\u0131n De\u011fi\u015ftirilmesi<\/b><\/li>\n<\/ul>\n<p><span style=\"font-weight: 400;\">SMOLNY MEDIA, s\u00f6zle\u015fme ili\u015fkisinin temel h\u00fck\u00fcmlerini etkilemedi\u011fi ve s\u00f6zle\u015fme imzaland\u0131\u011f\u0131nda \u00f6ng\u00f6r\u00fclemeyen ve dikkate al\u0131nmamas\u0131 halinde s\u00f6zle\u015fme ili\u015fkisinin dengesini \u00f6nemli \u00f6l\u00e7\u00fcde bozacak geli\u015fmelere uyum sa\u011flamak i\u00e7in gerekli oldu\u011fu s\u00fcrece, bu Genel \u0130\u015f Ko\u015fullar\u0131n\u0131 herhangi bir zamanda de\u011fi\u015ftirme hakk\u0131na sahiptir. Ayr\u0131ca, s\u00f6zle\u015fmenin imzalanmas\u0131ndan sonra ortaya \u00e7\u0131kan d\u00fczenleme bo\u015fluklar\u0131n\u0131, \u00f6rne\u011fin yasa de\u011fi\u015fiklikleri veya yarg\u0131 kararlar\u0131ndaki de\u011fi\u015fiklikleri kapatmak i\u00e7in de\u011fi\u015fiklikler yap\u0131labilir.<\/span><\/p>\n<ul>\n<li><b> 15 Son h\u00fck\u00fcmler<\/b><\/li>\n<\/ul>\n<ol>\n<li style=\"font-weight: 400;\"><span style=\"font-weight: 400;\">\u0130svi\u00e7re Konfederasyonu hukuku ge\u00e7erlidir, BM Sat\u0131n Alma Hukuku hari\u00e7tir. Yarg\u0131 yeri Zug'dur.<\/span><\/li>\n<li style=\"font-weight: 400;\"><span style=\"font-weight: 400;\">AB Komisyonu, \u00e7evrimi\u00e7i uyu\u015fmazl\u0131klar\u0131n \u00e7\u00f6z\u00fcm\u00fc i\u00e7in bir \u00e7evrimi\u00e7i platform (OS platformu) olu\u015fturmu\u015ftur. OS platformu \u015fu adreste bulunabilir: <\/span><a href=\"http:\/\/ec.europa.eu\/consumers\/odr\/\" target=\"_blank\" rel=\"noopener\"><span style=\"font-weight: 400;\">http:\/\/ec.europa.eu\/consumers\/odr\/<\/span><\/a><span style=\"font-weight: 400;\"> ula\u015f\u0131labilir.<\/span><\/li>\n<li style=\"font-weight: 400;\"><span style=\"font-weight: 400;\">Bu Genel \u0130\u015flem Ko\u015fullar\u0131'n\u0131n tek tek h\u00fck\u00fcmlerinin ge\u00e7ersizli\u011fi, di\u011fer h\u00fck\u00fcmlerin ge\u00e7erlili\u011fini etkilemez.<\/span><\/li>\n<\/ol>","protected":false},"excerpt":{"rendered":"<p>Pr\u00e4ambel Begriffsbestimmungen SMOLNY MEDIA, Rosenbergweg 7a, CH- 6300 Zug\u00a0(im Folgenden \u201cSMOLNY MEDIA\u201d genannt) www.titelschutz.ch und alle Unterseiten zu dieser Website, verlinkte Seiten [&hellip;]<\/p>\n","protected":false},"author":10,"featured_media":0,"parent":0,"menu_order":0,"comment_status":"closed","ping_status":"closed","template":"","meta":{"footnotes":""},"class_list":["post-436","page","type-page","status-publish","hentry"],"_links":{"self":[{"href":"https:\/\/titelschutz.ch\/tr\/wp-json\/wp\/v2\/pages\/436","targetHints":{"allow":["GET"]}}],"collection":[{"href":"https:\/\/titelschutz.ch\/tr\/wp-json\/wp\/v2\/pages"}],"about":[{"href":"https:\/\/titelschutz.ch\/tr\/wp-json\/wp\/v2\/types\/page"}],"author":[{"embeddable":true,"href":"https:\/\/titelschutz.ch\/tr\/wp-json\/wp\/v2\/users\/10"}],"replies":[{"embeddable":true,"href":"https:\/\/titelschutz.ch\/tr\/wp-json\/wp\/v2\/comments?post=436"}],"version-history":[{"count":2,"href":"https:\/\/titelschutz.ch\/tr\/wp-json\/wp\/v2\/pages\/436\/revisions"}],"predecessor-version":[{"id":529030,"href":"https:\/\/titelschutz.ch\/tr\/wp-json\/wp\/v2\/pages\/436\/revisions\/529030"}],"wp:attachment":[{"href":"https:\/\/titelschutz.ch\/tr\/wp-json\/wp\/v2\/media?parent=436"}],"curies":[{"name":"wp","href":"https:\/\/api.w.org\/{rel}","templated":true}]}}