{"id":481,"date":"2017-08-05T19:34:03","date_gmt":"2017-08-05T17:34:03","guid":{"rendered":"https:\/\/staging.titelschutz.ch\/?page_id=481"},"modified":"2017-08-05T19:34:03","modified_gmt":"2017-08-05T17:34:03","slug":"unvan-korumasi-ne-kadar-suerer-2","status":"publish","type":"page","link":"https:\/\/titelschutz.ch\/tr\/wie-lange-dauert-titelschutz-2\/","title":{"rendered":"Ba\u015fl\u0131k korumas\u0131 ne kadar s\u00fcrer?"},"content":{"rendered":"<div id=\"pl-481\"  class=\"panel-layout\" ><div id=\"pg-481-0\"  class=\"panel-grid panel-has-style\" ><div style=\"padding: 100px 0; \" data-overlay=\"true\" data-overlay-color=\"#000000\" class=\"panel-row-style panel-row-style-for-481-0\" ><div id=\"pgc-481-0-0\"  class=\"panel-grid-cell panel-grid-cell-empty\" ><\/div><div id=\"pgc-481-0-1\"  class=\"panel-grid-cell panel-grid-cell-mobile-last\" ><div id=\"panel-481-0-1-0\" class=\"so-panel widget widget_sow-editor panel-first-child panel-last-child\" data-index=\"0\" ><div\n\t\t\t\n\t\t\tclass=\"so-widget-sow-editor so-widget-sow-editor-base\"\n\t\t\t\n\t\t>\n<div class=\"siteorigin-widget-tinymce textwidget\">\n\t<p>Ba\u015fl\u0131k korumas\u0131, belirtilen eser ticari olarak da\u011f\u0131t\u0131ld\u0131\u011f\u0131 s\u00fcrece ge\u00e7erlidir. Farkl\u0131 medya t\u00fcrleri i\u00e7in bu, farkl\u0131 ge\u00e7erlilik s\u00fcreleri anlam\u0131na gelir: Bir eser uyarlan\u0131r, sat\u0131l\u0131r veya yay\u0131nlan\u0131rsa, kullan\u0131lm\u0131\u015f say\u0131l\u0131r. Bu, \u015fu anda mevcut olmayan ancak yeniden bas\u0131lmas\u0131 d\u00fc\u015f\u00fcn\u00fclen eserler i\u00e7in de ge\u00e7erlidir. Hak sahibi ba\u015fl\u0131\u011f\u0131 art\u0131k kullanm\u0131yorsa, \u00a715 ve \u00a73 MarkenG uyar\u0131nca ba\u015fl\u0131k art\u0131k korunmaz. Alman Kitap\u00e7\u0131lar Birli\u011fi'ne g\u00f6re, eser iki y\u0131ld\u0131r piyasada bulunmuyorsa, periyodik eserler i\u00e7in ise bir y\u0131l sonra, eser art\u0131k kullan\u0131lm\u0131yor kabul edilir. Baz\u0131 durumlarda, \u00f6rne\u011fin eser daha \u00f6nce \u00f6zellikle uzun bir s\u00fcre ticari olarak da\u011f\u0131t\u0131lm\u0131\u015f ve \u00bbklasik\u00ab olarak kabul ediliyorsa, da\u011f\u0131t\u0131m\u0131n durdurulmas\u0131ndan be\u015f y\u0131l sonra da bu durum ge\u00e7erlidir.<\/p>\n<p>Bir ba\u015fl\u0131k, bir taraf\u0131n ba\u015fl\u0131k korumas\u0131na ra\u011fmen iki kez kullan\u0131l\u0131rsa, ba\u015fl\u0131k koruma hakk\u0131n\u0131n sahibi on y\u0131l i\u00e7inde tazminat talep edebilir. Ba\u015fl\u0131\u011f\u0131n ba\u015fkalar\u0131 taraf\u0131ndan kullan\u0131ld\u0131\u011f\u0131n\u0131 \u00f6\u011frendikten sonra, davac\u0131 \u00fc\u00e7 y\u0131l i\u00e7inde hakk\u0131n\u0131 kullanabilir. Bu s\u00fcrelerin sona ermesinden sonra, ba\u015fl\u0131k sahibi tazminat veya ba\u015fl\u0131\u011f\u0131n kullan\u0131m\u0131n\u0131n durdurulmas\u0131 i\u00e7in dava a\u00e7ma hakk\u0131n\u0131 kaybeder. Bu t\u00fcr istisnai durumlarda ve ba\u015fl\u0131k sahibiyle ayr\u0131 bir anla\u015fma yap\u0131lmas\u0131 halinde, eser ba\u015fl\u0131klar\u0131 \u00e7ift olarak verilebilir. \u00d6rne\u011fin, kurgu alan\u0131nda tamamen farkl\u0131 t\u00fcrlerdeki kitaplar s\u00f6z konusu oldu\u011funda, taraflar \u00f6zel durumlarda benzer bir ba\u015fl\u0131\u011f\u0131n ortak kullan\u0131m\u0131nda anla\u015fabilirler \u2013 kitaplarda eserlerin nihai olarak ay\u0131rt edilmesini sa\u011flayan ek bir unsur da benzersiz ISBN numaras\u0131d\u0131r.<\/p>\n<\/div>\n<\/div><\/div><\/div><div id=\"pgc-481-0-2\"  class=\"panel-grid-cell panel-grid-cell-empty\" ><\/div><\/div><\/div><\/div>","protected":false},"excerpt":{"rendered":"<p>Der Titelschutz ist solange g\u00fcltig, wie das bezeichnete Werk gesch\u00e4ftlich vertrieben wird. Bei unterschiedlichen Medien bedeutet das auch verschiedene Zeiten der G\u00fcltigkeit: [&hellip;]<\/p>\n","protected":false},"author":10,"featured_media":0,"parent":0,"menu_order":0,"comment_status":"closed","ping_status":"closed","template":"page-templates\/page_fullwidth.php","meta":{"footnotes":""},"class_list":["post-481","page","type-page","status-publish","hentry"],"_links":{"self":[{"href":"https:\/\/titelschutz.ch\/tr\/wp-json\/wp\/v2\/pages\/481","targetHints":{"allow":["GET"]}}],"collection":[{"href":"https:\/\/titelschutz.ch\/tr\/wp-json\/wp\/v2\/pages"}],"about":[{"href":"https:\/\/titelschutz.ch\/tr\/wp-json\/wp\/v2\/types\/page"}],"author":[{"embeddable":true,"href":"https:\/\/titelschutz.ch\/tr\/wp-json\/wp\/v2\/users\/10"}],"replies":[{"embeddable":true,"href":"https:\/\/titelschutz.ch\/tr\/wp-json\/wp\/v2\/comments?post=481"}],"version-history":[{"count":0,"href":"https:\/\/titelschutz.ch\/tr\/wp-json\/wp\/v2\/pages\/481\/revisions"}],"wp:attachment":[{"href":"https:\/\/titelschutz.ch\/tr\/wp-json\/wp\/v2\/media?parent=481"}],"curies":[{"name":"wp","href":"https:\/\/api.w.org\/{rel}","templated":true}]}}