{"id":499,"date":"2017-08-05T19:38:46","date_gmt":"2017-08-05T17:38:46","guid":{"rendered":"https:\/\/staging.titelschutz.ch\/?page_id=499"},"modified":"2017-08-05T19:38:46","modified_gmt":"2017-08-05T17:38:46","slug":"bir-baslik-koruma-bildirimi-ne-kadar-suereyle-gecerlidir","status":"publish","type":"page","link":"https:\/\/titelschutz.ch\/tr\/wie-lange-ist-eine-titelschutzanzeige-gueltig\/","title":{"rendered":"Ba\u015fl\u0131k koruma bildirimi ne kadar s\u00fcreyle ge\u00e7erlidir?"},"content":{"rendered":"<div id=\"pl-499\"  class=\"panel-layout\" ><div id=\"pg-499-0\"  class=\"panel-grid panel-has-style\" ><div style=\"padding: 100px 0; \" data-overlay=\"true\" data-overlay-color=\"#000000\" class=\"panel-row-style panel-row-style-for-499-0\" ><div id=\"pgc-499-0-0\"  class=\"panel-grid-cell panel-grid-cell-empty\" ><\/div><div id=\"pgc-499-0-1\"  class=\"panel-grid-cell panel-grid-cell-mobile-last\" ><div id=\"panel-499-0-1-0\" class=\"so-panel widget widget_sow-editor panel-first-child panel-last-child\" data-index=\"0\" ><div\n\t\t\t\n\t\t\tclass=\"so-widget-sow-editor so-widget-sow-editor-base\"\n\t\t\t\n\t\t>\n<div class=\"siteorigin-widget-tinymce textwidget\">\n\t<p>Ba\u015fl\u0131k korumas\u0131, ba\u015fl\u0131k hakk\u0131n\u0131 tam olarak kullanabilmek i\u00e7in genellikle eserin yay\u0131nlanmas\u0131ndan be\u015f ila alt\u0131 ay \u00f6nce ba\u015fvurulmal\u0131d\u0131r. \u00d6zel durumlarda bu s\u00fcre daha uzun olabilir, ancak bu durumda eser \u00f6nceden uygun \u015fekilde tan\u0131t\u0131lmal\u0131 ve yakla\u015fan veya devam eden \u00fcretim kan\u0131tlanmal\u0131d\u0131r. Ba\u015fl\u0131k korumas\u0131 bildirildikten sonra alt\u0131 ay i\u00e7inde ba\u015fl\u0131k \u00fcretilmez veya yay\u0131nlanmazsa, koruma ge\u00e7ersiz hale gelebilir ve \u00fc\u00e7\u00fcnc\u00fc taraflar yeni bir ba\u015fl\u0131k korumas\u0131 ba\u015fvurusunda bulunabilir. <\/p>\n<\/div>\n<\/div><\/div><\/div><div id=\"pgc-499-0-2\"  class=\"panel-grid-cell panel-grid-cell-empty\" ><\/div><\/div><\/div><\/div>","protected":false},"excerpt":{"rendered":"<p>Der Titelschutz sollte in der Regel f\u00fcnf bis sechs Monate vor der Ver\u00f6ffentlichung eines Werkes angemeldet werden, um vollen Anspruch auf den [&hellip;]<\/p>\n","protected":false},"author":10,"featured_media":0,"parent":0,"menu_order":0,"comment_status":"closed","ping_status":"closed","template":"page-templates\/page_fullwidth.php","meta":{"footnotes":""},"class_list":["post-499","page","type-page","status-publish","hentry"],"_links":{"self":[{"href":"https:\/\/titelschutz.ch\/tr\/wp-json\/wp\/v2\/pages\/499","targetHints":{"allow":["GET"]}}],"collection":[{"href":"https:\/\/titelschutz.ch\/tr\/wp-json\/wp\/v2\/pages"}],"about":[{"href":"https:\/\/titelschutz.ch\/tr\/wp-json\/wp\/v2\/types\/page"}],"author":[{"embeddable":true,"href":"https:\/\/titelschutz.ch\/tr\/wp-json\/wp\/v2\/users\/10"}],"replies":[{"embeddable":true,"href":"https:\/\/titelschutz.ch\/tr\/wp-json\/wp\/v2\/comments?post=499"}],"version-history":[{"count":0,"href":"https:\/\/titelschutz.ch\/tr\/wp-json\/wp\/v2\/pages\/499\/revisions"}],"wp:attachment":[{"href":"https:\/\/titelschutz.ch\/tr\/wp-json\/wp\/v2\/media?parent=499"}],"curies":[{"name":"wp","href":"https:\/\/api.w.org\/{rel}","templated":true}]}}